{"id":853,"date":"2019-05-21T08:03:55","date_gmt":"2019-05-21T06:03:55","guid":{"rendered":"https:\/\/www.vm-int.de\/?page_id=853"},"modified":"2021-08-26T11:25:13","modified_gmt":"2021-08-26T09:25:13","slug":"kinderhaus-kolumbien","status":"publish","type":"page","link":"https:\/\/vm-international.de\/en\/kinderhaus-kolumbien\/","title":{"rendered":"Kinderhaus Kolumbien"},"content":{"rendered":"<div class=\"wpb-content-wrapper\"><div class=\"vc_row element-row row highend_69f4d3e47b906\"><div class=\"wpb_column vc_column_container vc_col-sm-12\"><div class=\"vc_column-inner\"><div class=\"wpb_wrapper\">\n\t<div class=\"wpb_text_column wpb_content_element\" >\n\t\t<div class=\"wpb_wrapper\">\n\t\t\t<h1 style=\"text-align: center;\"><span style=\"color: #980b11;\">Kinderhaus in Kolumbien<\/span><\/h1>\n<h2 style=\"text-align: center;\"><b>Kolumbianisch Deutsche Stiftung Aktion Barmherzigkeit<\/b><\/h2>\n\n\t\t<\/div>\n\t<\/div>\n<\/div><\/div><\/div><\/div><div class=\"vc_row element-row row highend_69f4d3e47c034\"><div class=\"wpb_column vc_column_container vc_col-sm-12\"><div class=\"vc_column-inner\"><div class=\"wpb_wrapper\"><div class=\"vc_separator wpb_content_element vc_separator_align_center vc_sep_width_100 vc_sep_pos_align_center vc_separator_no_text vc_custom_1557826773892 wpb_content_element  vc_custom_1557826773892 wpb_content_element\" ><span class=\"vc_sep_holder vc_sep_holder_l\"><span style=\"border-color:#bababa;\" class=\"vc_sep_line\"><\/span><\/span><span class=\"vc_sep_holder vc_sep_holder_r\"><span style=\"border-color:#bababa;\" class=\"vc_sep_line\"><\/span><\/span>\n<\/div><\/div><\/div><\/div><\/div><div class=\"vc_row element-row row highend_69f4d3e47c649\"><div class=\"wpb_column vc_column_container vc_col-sm-4\"><div class=\"vc_column-inner\"><div class=\"wpb_wrapper\">\n\t<div  class=\"wpb_single_image wpb_content_element vc_align_left wpb_content_element  balken\">\n\t\t\n\t\t<figure class=\"wpb_wrapper vc_figure\">\n\t\t\t<a class=\"\" data-lightbox=\"lightbox[rel-853-24169733]\" href=\"https:\/\/vm-international.de\/wp-content\/uploads\/2019\/05\/Kolumbien-Info-Map-1024x576.jpg\" target=\"_self\" class=\"vc_single_image-wrapper   vc_box_border_grey\"><img loading=\"lazy\" decoding=\"async\" width=\"1920\" height=\"1080\" src=\"https:\/\/vm-international.de\/wp-content\/uploads\/2019\/05\/Kolumbien-Info-Map.jpg\" class=\"vc_single_image-img attachment-full\" alt=\"\" title=\"Kolumbien Info Map\" srcset=\"https:\/\/vm-international.de\/wp-content\/uploads\/2019\/05\/Kolumbien-Info-Map.jpg 1920w, https:\/\/vm-international.de\/wp-content\/uploads\/2019\/05\/Kolumbien-Info-Map-300x169.jpg 300w, https:\/\/vm-international.de\/wp-content\/uploads\/2019\/05\/Kolumbien-Info-Map-768x432.jpg 768w, https:\/\/vm-international.de\/wp-content\/uploads\/2019\/05\/Kolumbien-Info-Map-1024x576.jpg 1024w\" sizes=\"auto, (max-width: 1920px) 100vw, 1920px\" \/><\/a>\n\t\t<\/figure>\n\t<\/div>\n\n\t<div class=\"wpb_text_column wpb_content_element\" >\n\t\t<div class=\"wpb_wrapper\">\n\t\t\t<p style=\"text-align: center;\">zum Vergr\u00f6\u00dfern Bild anklicken<\/p>\n\n\t\t<\/div>\n\t<\/div>\n<\/div><\/div><\/div><div class=\"wpb_column vc_column_container vc_col-sm-8\"><div class=\"vc_column-inner\"><div class=\"wpb_wrapper\">\n\t<div class=\"wpb_text_column wpb_content_element\" >\n\t\t<div class=\"wpb_wrapper\">\n\t\t\t<h2><span style=\"color: #980b11;\"><strong>&#8230;ein neues Zuhause schenken<\/strong><\/span><\/h2>\n<p>Mitten in Bogot\u00e1, der Hauptstadt Kolumbiens, gibt es ein Kinderheim, in dem rund 25 Kinder im Alter von 7 bis 18 Jahren leben. Kinder, die viel Gewalt, Vernachl\u00e4ssigung und Missbrauch erlebt haben, erhalten hier ein neues, famili\u00e4res Zuhause. Sie werden ganzheitlich betreut, in ihrem Heilungsprozess begleitet und individuell in ihrer Entwicklung gef\u00f6rdert, was eine gute Schulbildung einschlie\u00dft. Der Beitrag f\u00fcr eine Patenschaft betr\u00e4gt <strong>60 Euro\/Monat<\/strong>, kann aber auch frei gew\u00e4hlt werden.<\/p>\n<p>Die gemeinn\u00fctzige christliche Einrichtung &#8220;Acci\u00f3n Misericordia&#8221; (= spanisch, d.h. &#8220;Aktion Barmherzigkeit&#8221;) liegt im Herzen von Bogota, der Hauptstadt Kolumbiens.<\/p>\n<p><strong>Angelika Walker\u00a0<\/strong>nahm 1995 die ersten Kinder bei sich zu Hause auf. Mit staatlicher Anerkennung gr\u00fcndete sie bald darauf das Kinderhaus, in dem bis heute Kinder im Alter von 7 bis 18 Jahren rundum versorgt und betreut werden. Kinder, die viel Gewalt, Ablehnung, Vernachl\u00e4ssigung, Hunger, Eltern im Drogenkonsum und Alkohol, Tod der Eltern, Verfolgung durch Rebellengruppen im Land und Missbrauch erlebt haben, erhalten hier ein neues Zuhause. Angelika Walker steht dabei ein engagiertes deutsch-kolumbianisches Team zur Seite.<\/p>\n\n\t\t<\/div>\n\t<\/div>\n<\/div><\/div><\/div><\/div><div class=\"vc_row element-row row highend_69f4d3e47d28e\"><div class=\"wpb_column vc_column_container vc_col-sm-4\"><div class=\"vc_column-inner\"><div class=\"wpb_wrapper\"><div class=\"wpb_gallery wpb_content_element vc_clearfix wpb_content_element\" ><div class=\"wpb_wrapper\"><div class=\"wpb_gallery_slides wpb_slider_nivo theme-default\" data-interval=\"5\"><div class=\"nivoSlider\"><a class=\"\" href=\"https:\/\/vm-international.de\/wp-content\/uploads\/2019\/08\/Kolumbien-3.jpg\" data-lightbox=\"lightbox[rel-853-4158946338]\"><img decoding=\"async\" class=\"\" src=\"https:\/\/vm-international.de\/wp-content\/uploads\/2019\/08\/Kolumbien-3-200x150.jpg\" width=\"200\" height=\"150\" alt=\"Kolumbien-3\" title=\"Kolumbien-3\" loading=\"lazy\" \/><\/a><a class=\"\" href=\"https:\/\/vm-international.de\/wp-content\/uploads\/2019\/08\/Kolumbien-2-1024x683.jpg\" data-lightbox=\"lightbox[rel-853-4158946338]\"><img decoding=\"async\" class=\"\" src=\"https:\/\/vm-international.de\/wp-content\/uploads\/2019\/08\/Kolumbien-2-200x150.jpg\" width=\"200\" height=\"150\" alt=\"Kolumbien-2\" title=\"Kolumbien-2\" loading=\"lazy\" \/><\/a><a class=\"\" href=\"https:\/\/vm-international.de\/wp-content\/uploads\/2019\/08\/Kolumbien-6-1024x768.jpg\" data-lightbox=\"lightbox[rel-853-4158946338]\"><img decoding=\"async\" class=\"\" src=\"https:\/\/vm-international.de\/wp-content\/uploads\/2019\/08\/Kolumbien-6-200x150.jpg\" width=\"200\" height=\"150\" alt=\"Kolumbien-6\" title=\"Kolumbien-6\" loading=\"lazy\" \/><\/a><a class=\"\" href=\"https:\/\/vm-international.de\/wp-content\/uploads\/2019\/08\/Kolumbien-10-683x1024.jpg\" data-lightbox=\"lightbox[rel-853-4158946338]\"><img decoding=\"async\" class=\"\" src=\"https:\/\/vm-international.de\/wp-content\/uploads\/2019\/08\/Kolumbien-10-200x150.jpg\" width=\"200\" height=\"150\" alt=\"Kolumbien-10\" title=\"Kolumbien-10\" loading=\"lazy\" \/><\/a><a class=\"\" href=\"https:\/\/vm-international.de\/wp-content\/uploads\/2019\/08\/Kolumbien-11-1024x683.jpg\" data-lightbox=\"lightbox[rel-853-4158946338]\"><img decoding=\"async\" class=\"\" src=\"https:\/\/vm-international.de\/wp-content\/uploads\/2019\/08\/Kolumbien-11-200x150.jpg\" width=\"200\" height=\"150\" alt=\"Kolumbien-11\" title=\"Kolumbien-11\" loading=\"lazy\" \/><\/a><a class=\"\" href=\"https:\/\/vm-international.de\/wp-content\/uploads\/2019\/08\/Kolumbien-7-1024x768.jpg\" data-lightbox=\"lightbox[rel-853-4158946338]\"><img decoding=\"async\" class=\"\" src=\"https:\/\/vm-international.de\/wp-content\/uploads\/2019\/08\/Kolumbien-7-200x150.jpg\" width=\"200\" height=\"150\" alt=\"Kolumbien-7\" title=\"Kolumbien-7\" loading=\"lazy\" \/><\/a><a class=\"\" href=\"https:\/\/vm-international.de\/wp-content\/uploads\/2019\/08\/Kolumbien-5-1024x768.jpg\" data-lightbox=\"lightbox[rel-853-4158946338]\"><img decoding=\"async\" class=\"\" src=\"https:\/\/vm-international.de\/wp-content\/uploads\/2019\/08\/Kolumbien-5-200x150.jpg\" width=\"200\" height=\"150\" alt=\"Kolumbien-5\" title=\"Kolumbien-5\" loading=\"lazy\" \/><\/a><a class=\"\" href=\"https:\/\/vm-international.de\/wp-content\/uploads\/2019\/08\/Kolumbien-12-683x1024.jpg\" data-lightbox=\"lightbox[rel-853-4158946338]\"><img decoding=\"async\" class=\"\" src=\"https:\/\/vm-international.de\/wp-content\/uploads\/2019\/08\/Kolumbien-12-200x150.jpg\" width=\"200\" height=\"150\" alt=\"Kolumbien-12\" title=\"Kolumbien-12\" loading=\"lazy\" \/><\/a><a class=\"\" href=\"https:\/\/vm-international.de\/wp-content\/uploads\/2019\/08\/Kolumbien-4-683x1024.jpg\" data-lightbox=\"lightbox[rel-853-4158946338]\"><img decoding=\"async\" class=\"\" src=\"https:\/\/vm-international.de\/wp-content\/uploads\/2019\/08\/Kolumbien-4-200x150.jpg\" width=\"200\" height=\"150\" alt=\"Kolumbien-4\" title=\"Kolumbien-4\" loading=\"lazy\" \/><\/a><a class=\"\" href=\"https:\/\/vm-international.de\/wp-content\/uploads\/2019\/08\/Kolumbien-9-683x1024.jpg\" data-lightbox=\"lightbox[rel-853-4158946338]\"><img decoding=\"async\" class=\"\" src=\"https:\/\/vm-international.de\/wp-content\/uploads\/2019\/08\/Kolumbien-9-200x150.jpg\" width=\"200\" height=\"150\" alt=\"Kolumbien-9\" title=\"Kolumbien-9\" loading=\"lazy\" \/><\/a><a class=\"\" href=\"https:\/\/vm-international.de\/wp-content\/uploads\/2019\/08\/Kolumbien-8-1024x683.jpg\" data-lightbox=\"lightbox[rel-853-4158946338]\"><img decoding=\"async\" class=\"\" src=\"https:\/\/vm-international.de\/wp-content\/uploads\/2019\/08\/Kolumbien-8-200x150.jpg\" width=\"200\" height=\"150\" alt=\"Kolumbien-8\" title=\"Kolumbien-8\" loading=\"lazy\" \/><\/a><\/div><\/div><\/div><\/div>\n\t<div class=\"wpb_text_column wpb_content_element\" >\n\t\t<div class=\"wpb_wrapper\">\n\t\t\t<p style=\"text-align: center;\">zum Vergr\u00f6\u00dfern Bild anklicken<\/p>\n\n\t\t<\/div>\n\t<\/div>\n<\/div><\/div><\/div><div class=\"wpb_column vc_column_container vc_col-sm-8\"><div class=\"vc_column-inner\"><div class=\"wpb_wrapper\">\n\t<div class=\"wpb_text_column wpb_content_element vm_bullets\" >\n\t\t<div class=\"wpb_wrapper\">\n\t\t\t<h2><span style=\"color: #980b11;\"><strong>Sie bieten den Kindern:<\/strong><\/span><\/h2>\n<ul>\n<li>Schutz durch ein famili\u00e4res Zuhause<\/li>\n<li>Wiederherstellung ihrer Rechte auf Kleidung, Essen, Ausbildung, medizinische Betreuung<\/li>\n<li>Einbindung in soziale Netzwerke vor Ort wie Gemeinde und Partnerorganisationen<\/li>\n<li>Psychologische Aufarbeitung von Traumata<\/li>\n<li>Vermittlung von christlichen Werten und Charakterbildung<\/li>\n<\/ul>\n<p>&nbsp;<\/p>\n<h2><span style=\"color: #980b11;\"><strong>Ausbildung<\/strong><\/span><\/h2>\n<ul>\n<li>individuell angepasste Schulbildung<\/li>\n<li>Unterst\u00fctzung bei Berufsausbildung\/Studium bis zur Selbstst\u00e4ndigkeit<\/li>\n<\/ul>\n<p>&nbsp;<\/p>\n<h2><span style=\"color: #980b11;\"><strong>F\u00f6rderung<\/strong><\/span><\/h2>\n<ul>\n<li>pers\u00f6nlichkeits- und gabenorientierte F\u00f6rderung (z.B. Sport, Kunst, Musik)<\/li>\n<li>Freizeitangebote<\/li>\n<li>Ein\u00fcben allt\u00e4glicher F\u00e4higkeiten durch Aufgabenverteilung<\/li>\n<\/ul>\n<p>&nbsp;<\/p>\n<h2><span style=\"color: #980b11;\"><strong>Heilung<\/strong><\/span><\/h2>\n<ul>\n<li>Psychologische Einzelgespr\u00e4che<\/li>\n<li>Geistliche Begegnungszeiten<\/li>\n<li>Hausbesuche in Herkunftsfamilien<\/li>\n<\/ul>\n\n\t\t<\/div>\n\t<\/div>\n<\/div><\/div><\/div><\/div><div class=\"vc_row element-row row highend_69f4d3e47f056\"><div class=\"wpb_column vc_column_container vc_col-sm-12\"><div class=\"vc_column-inner\"><div class=\"wpb_wrapper\"><div class=\"shortcode-wrapper shortcode-icon-box clearfix  schatten\"><div class=\"content-box top-icon\"><i class=\"icon-quote-right box-icon\"><\/i><div class=\"alignleft\">\n<h2 class=\"western\" style=\"text-align: left;\"><\/h2>\n<h3 class=\"western\" style=\"text-align: left;\"><span style=\"color: #980b11;\"><em><b><img loading=\"lazy\" decoding=\"async\" class=\"alignleft wp-image-860\" src=\"https:\/\/www.vm-int.de\/wp-content\/uploads\/2019\/05\/angelika-300x300.jpg\" alt=\"\" width=\"200\" height=\"200\" srcset=\"https:\/\/vm-international.de\/wp-content\/uploads\/2019\/05\/angelika-300x300.jpg 300w, https:\/\/vm-international.de\/wp-content\/uploads\/2019\/05\/angelika-150x150.jpg 150w, https:\/\/vm-international.de\/wp-content\/uploads\/2019\/05\/angelika.jpg 400w\" sizes=\"auto, (max-width: 200px) 100vw, 200px\" \/>Unsere Mitarbeiterin Angelika Walker:<\/b><\/em><\/span><\/h3>\n<p class=\"western\" style=\"min-height: 200px; text-align: left;\"><em><span lang=\"ES-CO\">&#8220;Alles begann damit, als ich 1988 bei &#8220;JmeM\u201c eine Schule f\u00fcr christliche Kinderarbeit besuchte. Bei einer Gebetszeit redete Gott zu mir \u00fcber Kolumbien, einem Land, das ich damals noch gar nicht kannte. Sp\u00e4ter sah ich ein Kind in einer Vision, das zu mir sagte: \u201cBete nicht nur f\u00fcr uns, sondern komm und hilf uns!\u201c Nach 24 Jahren Arbeit in Bogota kann ich sagen: Es war und ist nicht immer einfach, aber es hat sich gelohnt. Ich w\u00fcrde es wieder machen. Gott ist unglaublich treu!&#8221;<\/span><\/em><\/p>\n<\/div><\/div><\/div><\/div><\/div><\/div><\/div><div class=\"vc_row element-row row highend_69f4d3e47f415\"><div class=\"wpb_column vc_column_container vc_col-sm-12\"><div class=\"vc_column-inner\"><div class=\"wpb_wrapper\"><div class=\"vc_separator wpb_content_element vc_separator_align_center vc_sep_width_100 vc_sep_pos_align_center vc_separator_no_text vc_custom_1557826773892 wpb_content_element  vc_custom_1557826773892 wpb_content_element\" ><span class=\"vc_sep_holder vc_sep_holder_l\"><span style=\"border-color:#bababa;\" class=\"vc_sep_line\"><\/span><\/span><span class=\"vc_sep_holder vc_sep_holder_r\"><span style=\"border-color:#bababa;\" class=\"vc_sep_line\"><\/span><\/span>\n<\/div>\n\t<div class=\"wpb_text_column wpb_content_element\" >\n\t\t<div class=\"wpb_wrapper\">\n\t\t\t<h2 style=\"text-align: center;\"><span style=\"color: #980b11;\">Was Kinder \u00fcber dieses Projekt sagen<\/span><\/h2>\n\n\t\t<\/div>\n\t<\/div>\n<\/div><\/div><\/div><\/div><div class=\"vc_row element-row row highend_69f4d3e47fbaf\"><div class=\"wpb_column vc_column_container vc_col-sm-3\"><div class=\"vc_column-inner\"><div class=\"wpb_wrapper\">\n\t<div class=\"wpb_text_column wpb_content_element\" >\n\t\t<div class=\"wpb_wrapper\">\n\t\t\t<p><img loading=\"lazy\" decoding=\"async\" class=\"balken schatten aligncenter wp-image-878 size-full\" src=\"https:\/\/www.vm-int.de\/wp-content\/uploads\/2019\/05\/Bronco.jpg\" alt=\"\" width=\"400\" height=\"400\" srcset=\"https:\/\/vm-international.de\/wp-content\/uploads\/2019\/05\/Bronco.jpg 400w, https:\/\/vm-international.de\/wp-content\/uploads\/2019\/05\/Bronco-150x150.jpg 150w, https:\/\/vm-international.de\/wp-content\/uploads\/2019\/05\/Bronco-300x300.jpg 300w\" sizes=\"auto, (max-width: 400px) 100vw, 400px\" \/><\/p>\n\n\t\t<\/div>\n\t<\/div>\n<div class=\"shortcode-wrapper shortcode-icon-box clearfix  schatten icon-box-hoehe\"><div class=\"content-box top-icon\"><i class=\"icon-quote-right box-icon\"><\/i><div class=\"alignleft\">\n<h2 class=\"western\"><\/h2>\n<h3 class=\"western\" style=\"text-align: center;\"><em><span style=\"color: #000000;\"><b><i>Bronco*<\/i>:<\/b><\/span><\/em><\/h3>\n<p class=\"western\"><span lang=\"ES-CO\">Mir gef\u00e4llt es hier sehr gut, weil sie mich gut behandeln, mich lieb haben und ich Gott kennenlernen darf.\u00a0<\/span>Ich tanze gerne, und ich kann auf meinen H\u00e4nden gehen.<\/p>\n<\/div><\/div><\/div><\/div><\/div><\/div><div class=\"wpb_column vc_column_container vc_col-sm-3\"><div class=\"vc_column-inner\"><div class=\"wpb_wrapper\">\n\t<div class=\"wpb_text_column wpb_content_element\" >\n\t\t<div class=\"wpb_wrapper\">\n\t\t\t<p><img loading=\"lazy\" decoding=\"async\" class=\"balken schatten aligncenter wp-image-877 size-full\" src=\"https:\/\/www.vm-int.de\/wp-content\/uploads\/2019\/05\/Jobo.jpg\" alt=\"\" width=\"400\" height=\"400\" srcset=\"https:\/\/vm-international.de\/wp-content\/uploads\/2019\/05\/Jobo.jpg 400w, https:\/\/vm-international.de\/wp-content\/uploads\/2019\/05\/Jobo-150x150.jpg 150w, https:\/\/vm-international.de\/wp-content\/uploads\/2019\/05\/Jobo-300x300.jpg 300w\" sizes=\"auto, (max-width: 400px) 100vw, 400px\" \/><\/p>\n\n\t\t<\/div>\n\t<\/div>\n<div class=\"shortcode-wrapper shortcode-icon-box clearfix  schatten icon-box-hoehe\"><div class=\"content-box top-icon\"><i class=\"icon-quote-right box-icon\"><\/i><div class=\"alignleft\">\n<h2 class=\"western\"><\/h2>\n<h3 class=\"western\" style=\"text-align: center;\"><em><span style=\"color: #000000;\"><b>Jobo*:<\/b><\/span><\/em><\/h3>\n<p>Meine gro\u00dfe Leidenschaft ist Sport. Ich werde von der Sportliga gesponsert, weil ich sehr gut bin. Meine Hauptsportart ist Trampolinspringen. Inzwischen habe ich mehrere Goldmedaillen gewonnen bei nationalen Wettk\u00e4mpfen.<\/div><\/div><\/div><\/div><\/div><\/div><div class=\"wpb_column vc_column_container vc_col-sm-3\"><div class=\"vc_column-inner\"><div class=\"wpb_wrapper\">\n\t<div class=\"wpb_text_column wpb_content_element\" >\n\t\t<div class=\"wpb_wrapper\">\n\t\t\t<p><img loading=\"lazy\" decoding=\"async\" class=\"balken schatten aligncenter wp-image-879 size-full\" src=\"https:\/\/www.vm-int.de\/wp-content\/uploads\/2019\/05\/Aar\u00f3n.jpg\" alt=\"\" width=\"400\" height=\"400\" srcset=\"https:\/\/vm-international.de\/wp-content\/uploads\/2019\/05\/Aar\u00f3n.jpg 400w, https:\/\/vm-international.de\/wp-content\/uploads\/2019\/05\/Aar\u00f3n-150x150.jpg 150w, https:\/\/vm-international.de\/wp-content\/uploads\/2019\/05\/Aar\u00f3n-300x300.jpg 300w\" sizes=\"auto, (max-width: 400px) 100vw, 400px\" \/><\/p>\n\n\t\t<\/div>\n\t<\/div>\n<div class=\"shortcode-wrapper shortcode-icon-box clearfix  schatten schatten icon-box-hoehe\"><div class=\"content-box top-icon\"><i class=\"icon-quote-right box-icon\"><\/i><div class=\"alignleft\">\n<h2 class=\"western\"><\/h2>\n<h3 class=\"western\" style=\"text-align: center;\"><em><span style=\"color: #000000;\"><b>Aar\u00f3n*:<\/b><\/span><\/em><\/h3>\n<p>Im Kinderhaus bekommen wir genug zu essen, und die Mitarbeiter helfen uns bei den Hausaufgaben. Ich gehe jetzt in den Fu\u00dfballverein und in einen Hauskreis. Unsere Mama besucht uns regelm\u00e4\u00dfig, und wir d\u00fcrfen mit ihr in den Park gehen.<\/div><\/div><\/div><\/div><\/div><\/div><div class=\"wpb_column vc_column_container vc_col-sm-3\"><div class=\"vc_column-inner\"><div class=\"wpb_wrapper\">\n\t<div class=\"wpb_text_column wpb_content_element\" >\n\t\t<div class=\"wpb_wrapper\">\n\t\t\t<p><img loading=\"lazy\" decoding=\"async\" class=\"balken schatten aligncenter wp-image-876 size-full\" src=\"https:\/\/www.vm-int.de\/wp-content\/uploads\/2019\/05\/Yana.jpg\" alt=\"\" width=\"400\" height=\"400\" srcset=\"https:\/\/vm-international.de\/wp-content\/uploads\/2019\/05\/Yana.jpg 400w, https:\/\/vm-international.de\/wp-content\/uploads\/2019\/05\/Yana-150x150.jpg 150w, https:\/\/vm-international.de\/wp-content\/uploads\/2019\/05\/Yana-300x300.jpg 300w\" sizes=\"auto, (max-width: 400px) 100vw, 400px\" \/><\/p>\n\n\t\t<\/div>\n\t<\/div>\n<div class=\"shortcode-wrapper shortcode-icon-box clearfix  schatten icon-box-hoehe\"><div class=\"content-box top-icon\"><i class=\"icon-quote-right box-icon\"><\/i><div class=\"alignleft\">\n<h2 class=\"western\"><\/h2>\n<h3 class=\"western\" style=\"text-align: center;\"><b>Yana*:<\/b><\/h3>\n<p>Ich gehe jetzt jeden Tag zur Schule. Fr\u00fcher ging ich nur, wenn ich Lust hatte. \u00a0Ich war auch schon beim Zahnarzt. Mit den anderen Kindern gehe ich in den Kindergottesdienst. Dort ist es auch sehr sch\u00f6n.<\/div><\/div><\/div><\/div><\/div><\/div><\/div><div class=\"vc_row element-row row highend_69f4d3e480964\"><div class=\"wpb_column vc_column_container vc_col-sm-12\"><div class=\"vc_column-inner\"><div class=\"wpb_wrapper\"><div class=\"vc_separator wpb_content_element vc_separator_align_center vc_sep_width_100 vc_sep_pos_align_center vc_separator_no_text vc_custom_1558381485958 wpb_content_element  vc_custom_1558381485958 wpb_content_element\" id=\"PateWerden\"><span class=\"vc_sep_holder vc_sep_holder_l\"><span style=\"border-color:#bababa;\" class=\"vc_sep_line\"><\/span><\/span><span class=\"vc_sep_holder vc_sep_holder_r\"><span style=\"border-color:#bababa;\" class=\"vc_sep_line\"><\/span><\/span>\n<\/div><\/div><\/div><\/div><\/div><div class=\"vc_row element-row row highend_69f4d3e480ef0\"><div class=\"wpb_column vc_column_container vc_col-sm-12\"><div class=\"vc_column-inner\"><div class=\"wpb_wrapper\">\n\t<div class=\"wpb_text_column wpb_content_element\" >\n\t\t<div class=\"wpb_wrapper\">\n\t\t\t<h1 style=\"text-align: center;\"><span style=\"color: #980b11;\">Kindern in Kolumbien eine Zukunft geben<\/span><\/h1>\n\n\t\t<\/div>\n\t<\/div>\n<\/div><\/div><\/div><\/div><div class=\"vc_row element-row row vc_custom_1558355655261 highend_vc_custom_1558355655261\"><div class=\"wpb_column vc_column_container vc_col-sm-6\"><div class=\"vc_column-inner vc_custom_1558355938246\"><div class=\"wpb_wrapper\">\n\t<div class=\"wpb_text_column wpb_content_element\" >\n\t\t<div class=\"wpb_wrapper\">\n\t\t\t<h2 style=\"text-align: left;\">Wir bieten f\u00fcr dieses Patenschaftsprojekt zwei M\u00f6glichkeiten der Unterst\u00fctzung an.<\/h2>\n\n\t\t<\/div>\n\t<\/div>\n\n\t<div class=\"wpb_text_column wpb_content_element vc_custom_1603954917050\" >\n\t\t<div class=\"wpb_wrapper\">\n\t\t\t<div class=\"wpb_text_column wpb_content_element vc_custom_1536134706704\">\n<div class=\"wpb_wrapper\">\n<h3><b>1. Kinderpatenschaft<\/b><\/h3>\n<p>Das bedeutet, ein Kind im gew\u00e4hlten Projekt regelm\u00e4\u00dfig finanziell zu unterst\u00fctzen, sodass es ausreichend versorgt und seinem Entwicklungsstand entsprechend gef\u00f6rdert werden kann. Pateneltern erhalten j\u00e4hrlich Informationsbriefe aus dem Projekt.<\/p>\n<\/div>\n<\/div>\n\n\t\t<\/div>\n\t<\/div>\n\n\t<div class=\"wpb_text_column wpb_content_element\" >\n\t\t<div class=\"wpb_wrapper\">\n\t\t\t<div class=\"wpb_text_column wpb_content_element vc_custom_1536134706704\">\n<div class=\"wpb_wrapper\">\n<h3><b>2. Projektpatenschaft<\/b><\/h3>\n<\/div>\n<\/div>\n<div class=\"wpb_text_column wpb_content_element \">\n<div class=\"wpb_wrapper\">\n<p>Das bedeutet, sich mit einem regelm\u00e4\u00dfigen finanziellen Beitrag in beliebiger H\u00f6he f\u00fcr das gew\u00e4hlte Patenschaftsprojekt als Ganzes zu engagieren. Damit werden allgemeine Projektkosten, z.B. f\u00fcr Personal und Haushalt, aber auch Zusatzkosten gedeckt, wie z.B. f\u00fcr besondere Aktivit\u00e4ten, gr\u00f6\u00dfere Anschaffungen oder soziale Hilfeleistungen in Notsituationen. Paten bekommen j\u00e4hrlich Informationsbriefe aus dem gew\u00e4hlten Projekt.<\/p>\n<\/div>\n<\/div>\n\n\t\t<\/div>\n\t<\/div>\n<\/div><\/div><\/div><div class=\"schatten wpb_column vc_column_container vc_col-sm-6 vc_col-has-fill\"><div class=\"vc_column-inner vc_custom_1558355698667\"><div class=\"wpb_wrapper\">\n\t<div class=\"wpb_text_column wpb_content_element\" >\n\t\t<div class=\"wpb_wrapper\">\n\t\t\t<h1 style=\"text-align: center;\"><span style=\"color: #980b11;\">Ich bin dabei!<\/span><\/h1>\n<p style=\"text-align: center;\">In nur 3 Schritten Pate werden<\/p>\n\n\t\t<\/div>\n\t<\/div>\n\n\t<div class=\"wpb_raw_code wpb_raw_html wpb_content_element\" >\n\t\t<div class=\"wpb_wrapper\">\n\t\t\t<form method=\"POST\">\n<strong>Ich \u00fcbernehme die Patenschaft f\u00fcr...<\/strong><br>\n<!-- \nDie drei Hidden-Inputs m\u00fcssen f\u00fcr jedes Projekt angepasst werden.\nKinderpatenschaft und Projektpatenschaft sind die Projekt-ID aus der Fundraisingbox.\n-->\n\n\t\t\t<input id=\"projektNr\" type=\"hidden\" name=\"projekt\" value=\"201-Kolumbien\">\n\t\t\t<input id=\"kinderpatenschaft\" type=\"hidden\" name=\"kinderpatenschaft\" value=\"22722\">\n\t\t\t<input id=\"projektpatenschaft\" type=\"hidden\" name=\"projektpatenschaft\" value=\"22723\">\n\n           <input type=\"radio\" id=\"kind\" name=\"patenschaft\" value=\"1\"> ein Kind<br>\n           <input type=\"radio\" id=\"pate\" name=\"patenschaft\" value=\"2\"> das Projekt<br><br>\n<div id=\"geschlecht\">\n           <strong>Ich w\u00fcrde gerne (nur bei Kinderpatenschaften)<\/strong><br>\n     \t   <input type=\"radio\" name=\"kind\" value=\"1\"> ein M\u00e4dchen unterst\u00fctzen<br>\n           <input type=\"radio\" name=\"kind\" value=\"2\"> einen Jungen unterst\u00fctzen<br><br>\n<\/div>\n<strong>Ich m\u00f6chte \u00fcber <\/strong><br>\n           <input  type=\"radio\" name=\"zahlung\" value=\"1\"> SEPA\/Lastschrift spenden <br>\n           <input  type=\"radio\" name=\"zahlung\" value=\"2\"> Dauerauftrag spenden<br><br>\n           \n           <div class=\"alert\" style=\"color: #980b11; margin-bottom: 30px;\" id=\"errorPaten\"> <\/div>\n     <\/form>      \n<button class=\"hb-button hb-default-button no-three-d\" id=\"senden\" style=\"background-color: #980b11;\" style=\"text-align: right;\"> Absenden <\/button>\n\n\n\n\t\t<\/div>\n\t<\/div>\n\n\t<div class=\"wpb_text_column wpb_content_element\" >\n\t\t<div class=\"wpb_wrapper\">\n\t\t\t<script type='text\/javascript'>\nvar id = \"2278\";<\/script>\n<script type='text\/javascript' src='https:\/\/vm-international.de\/wp-content\/uploads\/winp-css-js\/2278.js?ver=1629969584'><\/script>\n\n\n\t\t<\/div>\n\t<\/div>\n<\/div><\/div><\/div><\/div><div class=\"vc_row element-row row highend_69f4d3e4822a8\"><div class=\"wpb_column vc_column_container vc_col-sm-12\"><div class=\"vc_column-inner\"><div class=\"wpb_wrapper\"><div class=\"vc_row element-row vc_inner row\"><div class=\"wpb_column vc_column_container vc_col-sm-12\"><div class=\"vc_column-inner\"><div class=\"wpb_wrapper\">\n\t<div class=\"wpb_text_column wpb_content_element\" >\n\t\t<div class=\"wpb_wrapper\">\n\t\t\t<p style=\"text-align: center;\"><span style=\"color: #808080;\">*Aus Datenschutzgr\u00fcnden wurden die Namen ge\u00e4ndert<\/span><\/p>\n\n\t\t<\/div>\n\t<\/div>\n<\/div><\/div><\/div><\/div><\/div><\/div><\/div><\/div>\n<\/div>","protected":false},"excerpt":{"rendered":"Kinderhaus in Kolumbien Kolumbianisch Deutsche Stiftung Aktion Barmherzigkeit zum Vergr\u00f6\u00dfern Bild anklicken ...ein neues Zuhause schenken Mitten in Bogot\u00e1, der [...]","protected":false},"author":1,"featured_media":0,"parent":0,"menu_order":0,"comment_status":"closed","ping_status":"closed","template":"","meta":{"footnotes":""},"class_list":["post-853","page","type-page","status-publish","hentry"],"_links":{"self":[{"href":"https:\/\/vm-international.de\/en\/wp-json\/wp\/v2\/pages\/853","targetHints":{"allow":["GET"]}}],"collection":[{"href":"https:\/\/vm-international.de\/en\/wp-json\/wp\/v2\/pages"}],"about":[{"href":"https:\/\/vm-international.de\/en\/wp-json\/wp\/v2\/types\/page"}],"author":[{"embeddable":true,"href":"https:\/\/vm-international.de\/en\/wp-json\/wp\/v2\/users\/1"}],"replies":[{"embeddable":true,"href":"https:\/\/vm-international.de\/en\/wp-json\/wp\/v2\/comments?post=853"}],"version-history":[{"count":24,"href":"https:\/\/vm-international.de\/en\/wp-json\/wp\/v2\/pages\/853\/revisions"}],"predecessor-version":[{"id":2359,"href":"https:\/\/vm-international.de\/en\/wp-json\/wp\/v2\/pages\/853\/revisions\/2359"}],"wp:attachment":[{"href":"https:\/\/vm-international.de\/en\/wp-json\/wp\/v2\/media?parent=853"}],"curies":[{"name":"wp","href":"https:\/\/api.w.org\/{rel}","templated":true}]}}