{"id":1362,"date":"2019-06-27T10:02:17","date_gmt":"2019-06-27T08:02:17","guid":{"rendered":"https:\/\/www.vm-int.de\/?page_id=1362"},"modified":"2023-11-13T14:08:57","modified_gmt":"2023-11-13T13:08:57","slug":"musikschule-portugal","status":"publish","type":"page","link":"https:\/\/vm-international.de\/en\/musikschule-portugal\/","title":{"rendered":"Musikschule Portugal"},"content":{"rendered":"<div class=\"wpb-content-wrapper\"><div class=\"vc_row element-row row highend_69f33299f3ddb\"><div class=\"wpb_column vc_column_container vc_col-sm-12\"><div class=\"vc_column-inner\"><div class=\"wpb_wrapper\">\n\t<div class=\"wpb_text_column wpb_content_element\" >\n\t\t<div class=\"wpb_wrapper\">\n\t\t\t<h1 style=\"text-align: center;\"><span style=\"color: #980b11;\">Musikschule \u201eEscolhas\u201c in Portugal\u2026<\/span><\/h1>\n<h2 style=\"text-align: center;\">\u2026 Liebe schenken mit Musik<\/h2>\n\n\t\t<\/div>\n\t<\/div>\n<\/div><\/div><\/div><\/div><div class=\"vc_row element-row row highend_69f3329a00319\"><div class=\"wpb_column vc_column_container vc_col-sm-12\"><div class=\"vc_column-inner\"><div class=\"wpb_wrapper\"><div class=\"vc_separator wpb_content_element vc_separator_align_center vc_sep_width_100 vc_sep_pos_align_center vc_separator_no_text vc_custom_1557826773892 wpb_content_element  vc_custom_1557826773892 wpb_content_element\" ><span class=\"vc_sep_holder vc_sep_holder_l\"><span style=\"border-color:#bababa;\" class=\"vc_sep_line\"><\/span><\/span><span class=\"vc_sep_holder vc_sep_holder_r\"><span style=\"border-color:#bababa;\" class=\"vc_sep_line\"><\/span><\/span>\n<\/div><\/div><\/div><\/div><\/div><div class=\"vc_row element-row row highend_69f3329a00993\"><div class=\"wpb_column vc_column_container vc_col-sm-4\"><div class=\"vc_column-inner\"><div class=\"wpb_wrapper\">\n\t<div  class=\"wpb_single_image wpb_content_element vc_align_left wpb_content_element  balken\">\n\t\t\n\t\t<figure class=\"wpb_wrapper vc_figure\">\n\t\t\t<a class=\"\" data-lightbox=\"lightbox[rel-1362-408856279]\" href=\"https:\/\/vm-international.de\/wp-content\/uploads\/2019\/08\/Portugal-Info-Map-1-1024x576.jpg\" target=\"_self\" class=\"vc_single_image-wrapper   vc_box_border_grey\"><img loading=\"lazy\" decoding=\"async\" width=\"1920\" height=\"1080\" src=\"https:\/\/vm-international.de\/wp-content\/uploads\/2019\/08\/Portugal-Info-Map-1.jpg\" class=\"vc_single_image-img attachment-full\" alt=\"\" title=\"Portugal Info Map\" srcset=\"https:\/\/vm-international.de\/wp-content\/uploads\/2019\/08\/Portugal-Info-Map-1.jpg 1920w, https:\/\/vm-international.de\/wp-content\/uploads\/2019\/08\/Portugal-Info-Map-1-300x169.jpg 300w, https:\/\/vm-international.de\/wp-content\/uploads\/2019\/08\/Portugal-Info-Map-1-768x432.jpg 768w, https:\/\/vm-international.de\/wp-content\/uploads\/2019\/08\/Portugal-Info-Map-1-1024x576.jpg 1024w\" sizes=\"auto, (max-width: 1920px) 100vw, 1920px\" \/><\/a>\n\t\t<\/figure>\n\t<\/div>\n\n\t<div class=\"wpb_text_column wpb_content_element\" >\n\t\t<div class=\"wpb_wrapper\">\n\t\t\t<p style=\"text-align: center;\">zum Vergr\u00f6\u00dfern Bild anklicken<\/p>\n\n\t\t<\/div>\n\t<\/div>\n<\/div><\/div><\/div><div class=\"wpb_column vc_column_container vc_col-sm-8\"><div class=\"vc_column-inner\"><div class=\"wpb_wrapper\">\n\t<div class=\"wpb_text_column wpb_content_element\" >\n\t\t<div class=\"wpb_wrapper\">\n\t\t\t<h2><span style=\"color: #980b11;\"><strong>Allgemeine Informationen<br \/>\n<\/strong><\/span><\/h2>\n<p>In der Arts School der \u201eEscolhas\u201c-Zentrale in Lissabon k\u00f6nnen Kinder und Jugendliche u.a. ihre musikalischen F\u00e4higkeiten entdecken und ein Instrument erlernen. Damit auch finanziell benachteiligte Kinder aus sozialen Brennpunkten diese Chance bekommen, werden sie durch Patenschaften unterst\u00fctzt. Wir setzen ein Zeichen der Hoffnung gegen soziale Ausgrenzung. Wir geben Gottes Liebe weiter mit Musik, denn Musik erreicht Herzen, ver\u00e4ndert und heilt. F\u00fcr <strong>30 Euro\/Monat<\/strong> kann ein Kind den Musikunterricht in der Arts School besuchen. | <strong>Projekt 244 \u2013 Musikpatenschaften Escolhas<\/strong><\/p>\n\n\t\t<\/div>\n\t<\/div>\n<\/div><\/div><\/div><\/div><div class=\"vc_row element-row row highend_69f3329a01632\"><div class=\"wpb_column vc_column_container vc_col-sm-4\"><div class=\"vc_column-inner\"><div class=\"wpb_wrapper\"><div class=\"wpb_gallery wpb_content_element vc_clearfix wpb_content_element\" ><div class=\"wpb_wrapper\"><div class=\"wpb_gallery_slides wpb_slider_nivo theme-default\" data-interval=\"5\"><div class=\"nivoSlider\"><a class=\"\" href=\"https:\/\/vm-international.de\/wp-content\/uploads\/2019\/10\/Projekt-244-Musikpatenschaften-Portugal-6-1024x768.jpg\" data-lightbox=\"lightbox[rel-1362-743043465]\"><img decoding=\"async\" class=\"\" src=\"https:\/\/vm-international.de\/wp-content\/uploads\/2019\/10\/Projekt-244-Musikpatenschaften-Portugal-6-200x150.jpg\" width=\"200\" height=\"150\" alt=\"Projekt 244 Musikpatenschaften Portugal (6)\" title=\"Projekt 244 Musikpatenschaften Portugal (6)\" loading=\"lazy\" \/><\/a><a class=\"\" href=\"https:\/\/vm-international.de\/wp-content\/uploads\/2019\/10\/Projekt-244-Musikpatenschaften-Portugal-10-1024x683.jpg\" data-lightbox=\"lightbox[rel-1362-743043465]\"><img decoding=\"async\" class=\"\" src=\"https:\/\/vm-international.de\/wp-content\/uploads\/2019\/10\/Projekt-244-Musikpatenschaften-Portugal-10-200x150.jpg\" width=\"200\" height=\"150\" alt=\"Projekt 244 Musikpatenschaften Portugal (10)\" title=\"Projekt 244 Musikpatenschaften Portugal (10)\" loading=\"lazy\" \/><\/a><a class=\"\" href=\"https:\/\/vm-international.de\/wp-content\/uploads\/2019\/10\/Projekt-244-Musikpatenschaften-Portugal-1-1024x768.jpg\" data-lightbox=\"lightbox[rel-1362-743043465]\"><img decoding=\"async\" class=\"\" src=\"https:\/\/vm-international.de\/wp-content\/uploads\/2019\/10\/Projekt-244-Musikpatenschaften-Portugal-1-200x150.jpg\" width=\"200\" height=\"150\" alt=\"Projekt 244 Musikpatenschaften Portugal (1)\" title=\"Projekt 244 Musikpatenschaften Portugal (1)\" loading=\"lazy\" \/><\/a><a class=\"\" href=\"https:\/\/vm-international.de\/wp-content\/uploads\/2019\/10\/Projekt-244-Musikpatenschaften-Portugal-7-1024x768.jpg\" data-lightbox=\"lightbox[rel-1362-743043465]\"><img decoding=\"async\" class=\"\" src=\"https:\/\/vm-international.de\/wp-content\/uploads\/2019\/10\/Projekt-244-Musikpatenschaften-Portugal-7-200x150.jpg\" width=\"200\" height=\"150\" alt=\"Projekt 244 Musikpatenschaften Portugal (7)\" title=\"Projekt 244 Musikpatenschaften Portugal (7)\" loading=\"lazy\" \/><\/a><a class=\"\" href=\"https:\/\/vm-international.de\/wp-content\/uploads\/2019\/10\/Projekt-244-Musikpatenschaften-Portugal-2-1024x768.jpg\" data-lightbox=\"lightbox[rel-1362-743043465]\"><img decoding=\"async\" class=\"\" src=\"https:\/\/vm-international.de\/wp-content\/uploads\/2019\/10\/Projekt-244-Musikpatenschaften-Portugal-2-200x150.jpg\" width=\"200\" height=\"150\" alt=\"Projekt 244 Musikpatenschaften Portugal (2)\" title=\"Projekt 244 Musikpatenschaften Portugal (2)\" loading=\"lazy\" \/><\/a><a class=\"\" href=\"https:\/\/vm-international.de\/wp-content\/uploads\/2019\/10\/Projekt-244-Musikpatenschaften-Portugal-8-1024x683.jpg\" data-lightbox=\"lightbox[rel-1362-743043465]\"><img decoding=\"async\" class=\"\" src=\"https:\/\/vm-international.de\/wp-content\/uploads\/2019\/10\/Projekt-244-Musikpatenschaften-Portugal-8-200x150.jpg\" width=\"200\" height=\"150\" alt=\"Projekt 244 Musikpatenschaften Portugal (8)\" title=\"Projekt 244 Musikpatenschaften Portugal (8)\" loading=\"lazy\" \/><\/a><a class=\"\" href=\"https:\/\/vm-international.de\/wp-content\/uploads\/2019\/10\/Projekt-244-Musikpatenschaften-Portugal-9-1024x768.jpg\" data-lightbox=\"lightbox[rel-1362-743043465]\"><img decoding=\"async\" class=\"\" src=\"https:\/\/vm-international.de\/wp-content\/uploads\/2019\/10\/Projekt-244-Musikpatenschaften-Portugal-9-200x150.jpg\" width=\"200\" height=\"150\" alt=\"Projekt 244 Musikpatenschaften Portugal (9)\" title=\"Projekt 244 Musikpatenschaften Portugal (9)\" loading=\"lazy\" \/><\/a><a class=\"\" href=\"https:\/\/vm-international.de\/wp-content\/uploads\/2019\/10\/Projekt-244-Musikpatenschaften-Portugal-3-1024x768.jpg\" data-lightbox=\"lightbox[rel-1362-743043465]\"><img decoding=\"async\" class=\"\" src=\"https:\/\/vm-international.de\/wp-content\/uploads\/2019\/10\/Projekt-244-Musikpatenschaften-Portugal-3-200x150.jpg\" width=\"200\" height=\"150\" alt=\"Projekt 244 Musikpatenschaften Portugal (3)\" title=\"Projekt 244 Musikpatenschaften Portugal (3)\" loading=\"lazy\" \/><\/a><a class=\"\" href=\"https:\/\/vm-international.de\/wp-content\/uploads\/2019\/10\/Projekt-244-Musikpatenschaften-Portugal-4-1024x768.jpg\" data-lightbox=\"lightbox[rel-1362-743043465]\"><img decoding=\"async\" class=\"\" src=\"https:\/\/vm-international.de\/wp-content\/uploads\/2019\/10\/Projekt-244-Musikpatenschaften-Portugal-4-200x150.jpg\" width=\"200\" height=\"150\" alt=\"oznor\" title=\"oznor\" loading=\"lazy\" \/><\/a><a class=\"\" href=\"https:\/\/vm-international.de\/wp-content\/uploads\/2019\/10\/Projekt-244-Musikpatenschaften-Portugal-5-1024x768.jpg\" data-lightbox=\"lightbox[rel-1362-743043465]\"><img decoding=\"async\" class=\"\" src=\"https:\/\/vm-international.de\/wp-content\/uploads\/2019\/10\/Projekt-244-Musikpatenschaften-Portugal-5-200x150.jpg\" width=\"200\" height=\"150\" alt=\"Projekt 244 Musikpatenschaften Portugal (5)\" title=\"Projekt 244 Musikpatenschaften Portugal (5)\" loading=\"lazy\" \/><\/a><\/div><\/div><\/div><\/div>\n\t<div class=\"wpb_text_column wpb_content_element\" >\n\t\t<div class=\"wpb_wrapper\">\n\t\t\t<p style=\"text-align: center;\">zum Vergr\u00f6\u00dfern Bild anklicken<\/p>\n\n\t\t<\/div>\n\t<\/div>\n<\/div><\/div><\/div><div class=\"wpb_column vc_column_container vc_col-sm-8\"><div class=\"vc_column-inner\"><div class=\"wpb_wrapper\">\n\t<div class=\"wpb_text_column wpb_content_element\" >\n\t\t<div class=\"wpb_wrapper\">\n\t\t\t<h2><span style=\"color: #980b11;\"><strong>\u201eDa ist Musik drin!\u201c<\/strong><\/span><\/h2>\n<p>\u201eDa ist Musik drin!\u201c Dieser Ausspruch trifft im wahrsten Sinne des Wortes auf die Arbeit von Escolhas Cidade in Lissabon\/Portugal zu. \u201eEscolhas Cidade \u2013 Eine Mission f\u00fcr die Stadt\u201c wurde im Jahr 2015 von unseren Interkulturellen Mitarbeitern (IKM) Catarina und Karsten Mantei, in Zusammenarbeit mit einem internationalen Team aufgebaut. Dazu geh\u00f6rt die Arts School, in der Kinder und Jugendliche u.a. ihre musikalischen F\u00e4higkeiten entdecken und ein Instrument erlernen k\u00f6nnen.<br \/>\nAuf dem Plan stehen Gitarren- und Klavierunterricht, Gesangstunden, Schlagzeug und Percussion, Tontechnik und Multimedia. F\u00fcnf Musiklehrer sind derzeit im Einsatz. Jeweils nach den Sommerferien beginnt ein neues Musikschuljahr mit w\u00f6chentlichem Unterricht. Musik-Camps, Konzerte und christliche Veranstaltungen, in denen die Musiksch\u00fcler ihre F\u00e4higkeiten zum Besten geben k\u00f6nnen, erg\u00e4nzen das Programm und f\u00f6rdern die Motivation der Sch\u00fcler.<\/p>\n<p>Das Projekt bezieht sich in erster Linie auf Kinder und Jugendliche aus sozial schwachen Verh\u00e4ltnissen, die kaum oder gar keine M\u00f6glichkeit haben, aus ihrem Lebensraum auszubrechen. Damit ist eine Gelegenheit geschaffen, die Ungleichheit und soziale Ausgrenzung zu bek\u00e4mpfen, neue Talente zu entdecken, Hoffnung zu spenden und sie zu ermutigen, andere Menschen durch ihre Talente zu beschenken. Dar\u00fcber hinaus wird dadurch den Kindern Gottes Liebe praktisch weitergegeben und der christliche Glaube vermittelt.<\/p>\n<p>Die Erfahrungen der letzten Jahre zeigen, wie positiv sich die Teilnahme der Sch\u00fcler an der Arts School in deren Familien und Umgebung auswirkt, denn Musik erreicht Herzen, ver\u00e4ndert und heilt. Mehr als 50 Musiksch\u00fcler werden mittlerweile j\u00e4hrlich unterrichtet. Eine Zweigstelle der Musikschule in einem sozialen Brennpunkt von Lissabon (Marvila) ist bereits in Planung.<\/p>\n\n\t\t<\/div>\n\t<\/div>\n<\/div><\/div><\/div><\/div><div class=\"vc_row element-row row highend_69f3329a02eba\"><div class=\"wpb_column vc_column_container vc_col-sm-12\"><div class=\"vc_column-inner\"><div class=\"wpb_wrapper\"><div class=\"shortcode-wrapper shortcode-icon-box clearfix  schatten\"><div class=\"content-box top-icon\"><i class=\"icon-quote-right box-icon\"><\/i><div class=\"alignleft\">\n<h2 class=\"western\" style=\"text-align: left;\"><\/h2>\n<h3 class=\"western\" style=\"text-align: left;\"><span style=\"color: #980b11;\"><em><b><img loading=\"lazy\" decoding=\"async\" class=\"wp-image-1535 alignleft\" src=\"https:\/\/www.vm-int.de\/wp-content\/uploads\/2019\/08\/mantei-300x300.jpg\" alt=\"\" width=\"230\" height=\"230\" srcset=\"https:\/\/vm-international.de\/wp-content\/uploads\/2019\/08\/mantei-300x300.jpg 300w, https:\/\/vm-international.de\/wp-content\/uploads\/2019\/08\/mantei-150x150.jpg 150w, https:\/\/vm-international.de\/wp-content\/uploads\/2019\/08\/mantei.jpg 336w\" sizes=\"auto, (max-width: 230px) 100vw, 230px\" \/>Unsere Mitarbeiter Karsten &amp; Catarina Mantei:<\/b><\/em><\/span><\/h3>\n<p class=\"western\" style=\"min-height: 200px; text-align: left;\">&#8220;Gott hat uns junge Talente geschenkt, die wir an die Hand nehmen und begleiten d\u00fcrfen. Der Schl\u00fcssel zum Erfolg liegt nicht nur in der Begabung, sondern in der M\u00f6glichkeit zu motivieren und f\u00fcr etwas zu begeistern. Hier wollen wir ansetzen und Einfluss nehmen. Durch Jesus ist es m\u00f6glich, ein Leben zum Positiven zu verwandeln und Licht in die Dunkelheit zu bringen.&#8221;<\/p>\n<\/div><\/div><\/div><\/div><\/div><\/div><\/div><div class=\"vc_row element-row row highend_69f3329a03228\"><div class=\"wpb_column vc_column_container vc_col-sm-12\"><div class=\"vc_column-inner\"><div class=\"wpb_wrapper\"><div class=\"vc_separator wpb_content_element vc_separator_align_center vc_sep_width_100 vc_sep_pos_align_center vc_separator_no_text vc_custom_1557826773892 wpb_content_element  vc_custom_1557826773892 wpb_content_element\" ><span class=\"vc_sep_holder vc_sep_holder_l\"><span style=\"border-color:#bababa;\" class=\"vc_sep_line\"><\/span><\/span><span class=\"vc_sep_holder vc_sep_holder_r\"><span style=\"border-color:#bababa;\" class=\"vc_sep_line\"><\/span><\/span>\n<\/div>\n\t<div class=\"wpb_text_column wpb_content_element\" >\n\t\t<div class=\"wpb_wrapper\">\n\t\t\t<h2 style=\"text-align: center;\"><span style=\"color: #980b11;\">Was Kinder \u00fcber dieses Projekt sagen<\/span><\/h2>\n\n\t\t<\/div>\n\t<\/div>\n<\/div><\/div><\/div><\/div><div class=\"vc_row element-row row highend_69f3329a03996\"><div class=\"wpb_column vc_column_container vc_col-sm-4\"><div class=\"vc_column-inner\"><div class=\"wpb_wrapper\">\n\t<div class=\"wpb_text_column wpb_content_element\" >\n\t\t<div class=\"wpb_wrapper\">\n\t\t\t<p><img loading=\"lazy\" decoding=\"async\" class=\"balken schatten wp-image-1537 size-medium aligncenter\" src=\"https:\/\/www.vm-int.de\/wp-content\/uploads\/2019\/08\/Portugal-1-Darleen-300x300.jpg\" alt=\"\" width=\"300\" height=\"300\" srcset=\"https:\/\/vm-international.de\/wp-content\/uploads\/2019\/08\/Portugal-1-Darleen-300x300.jpg 300w, https:\/\/vm-international.de\/wp-content\/uploads\/2019\/08\/Portugal-1-Darleen-150x150.jpg 150w, https:\/\/vm-international.de\/wp-content\/uploads\/2019\/08\/Portugal-1-Darleen.jpg 400w\" sizes=\"auto, (max-width: 300px) 100vw, 300px\" \/><\/p>\n\n\t\t<\/div>\n\t<\/div>\n<div class=\"shortcode-wrapper shortcode-icon-box clearfix  schatten icon-box-hoehe\"><div class=\"content-box top-icon\"><i class=\"icon-quote-right box-icon\"><\/i><div class=\"alignleft\">\n<h2 class=\"western\"><\/h2>\n<h3 class=\"western\" style=\"text-align: center;\"><em><span style=\"color: #000000;\"><b>Darleen*:<\/b><\/span><\/em><\/h3>\n<p>hat sich eine Zeit am Klavier versucht und irgendwie keine Begeisterung f\u00fcr das Instrument bekommen. Bis sie auf dem \u201eRockcamp\u201c den E-Bass entdeckte. Seitdem ist sie nicht mehr zu bremsen und hat ihre Leidenschaft entdeckt. Die Eltern von Darleen* haben uns berichtet, dass sich das Verhalten in der gesamten Familie total zum Positiven ver\u00e4ndert hat.<\/div><\/div><\/div><\/div><\/div><\/div><div class=\"wpb_column vc_column_container vc_col-sm-4\"><div class=\"vc_column-inner\"><div class=\"wpb_wrapper\">\n\t<div class=\"wpb_text_column wpb_content_element\" >\n\t\t<div class=\"wpb_wrapper\">\n\t\t\t<p><img loading=\"lazy\" decoding=\"async\" class=\"balken schatten wp-image-1538 size-medium aligncenter\" src=\"https:\/\/www.vm-int.de\/wp-content\/uploads\/2019\/08\/Portugal-3-D\u00e9bora-300x300.jpg\" alt=\"\" width=\"300\" height=\"300\" srcset=\"https:\/\/vm-international.de\/wp-content\/uploads\/2019\/08\/Portugal-3-D\u00e9bora-300x300.jpg 300w, https:\/\/vm-international.de\/wp-content\/uploads\/2019\/08\/Portugal-3-D\u00e9bora-150x150.jpg 150w, https:\/\/vm-international.de\/wp-content\/uploads\/2019\/08\/Portugal-3-D\u00e9bora.jpg 400w\" sizes=\"auto, (max-width: 300px) 100vw, 300px\" \/><\/p>\n\n\t\t<\/div>\n\t<\/div>\n<div class=\"shortcode-wrapper shortcode-icon-box clearfix  schatten icon-box-hoehe\"><div class=\"content-box top-icon\"><i class=\"icon-quote-right box-icon\"><\/i><div class=\"alignleft\">\n<h2 class=\"western\"><\/h2>\n<h3 class=\"western\" style=\"text-align: center;\"><em><span style=\"color: #000000;\"><b>D\u00e9bora*:<\/b><\/span><\/em><\/h3>\n<p>ist seit 2015 dabei. Am Anfang war sie sehr sch\u00fcchtern, in ihrer Motorik sehr eingeschr\u00e4nkt und konnte kaum ihre Finger bewegen. Heute spielt sie Klavier, hat Freude am Singen und begleitet in der Gemeinde den Lobpreis. Durch den Unterricht hat sich ihre Pers\u00f6nlichkeit gefestigt und ihr Leben nachhaltig ver\u00e4ndert.<\/p>\n<\/div><\/div><\/div><\/div><\/div><\/div><div class=\"wpb_column vc_column_container vc_col-sm-4\"><div class=\"vc_column-inner\"><div class=\"wpb_wrapper\">\n\t<div class=\"wpb_text_column wpb_content_element\" >\n\t\t<div class=\"wpb_wrapper\">\n\t\t\t<p><img loading=\"lazy\" decoding=\"async\" class=\"balken schatten wp-image-1536 size-medium aligncenter\" src=\"https:\/\/www.vm-int.de\/wp-content\/uploads\/2019\/08\/Portugal-4-Pinto-300x300.jpg\" alt=\"\" width=\"300\" height=\"300\" srcset=\"https:\/\/vm-international.de\/wp-content\/uploads\/2019\/08\/Portugal-4-Pinto-300x300.jpg 300w, https:\/\/vm-international.de\/wp-content\/uploads\/2019\/08\/Portugal-4-Pinto-150x150.jpg 150w, https:\/\/vm-international.de\/wp-content\/uploads\/2019\/08\/Portugal-4-Pinto.jpg 400w\" sizes=\"auto, (max-width: 300px) 100vw, 300px\" \/><\/p>\n\n\t\t<\/div>\n\t<\/div>\n<div class=\"shortcode-wrapper shortcode-icon-box clearfix  schatten schatten icon-box-hoehe\"><div class=\"content-box top-icon\"><i class=\"icon-quote-right box-icon\"><\/i><div class=\"alignleft\">\n<h2 class=\"western\"><\/h2>\n<h3 class=\"western\" style=\"text-align: center;\"><em><span style=\"color: #000000;\"><b>Pinto*:<\/b><\/span><\/em><\/h3>\n<p>unser j\u00fcngster Sch\u00fcler, hat durch seine Darbietung am Klavier den ganzen Saal \u201egerockt\u201c.<\/div><\/div><\/div><\/div><\/div><\/div><\/div><div class=\"vc_row element-row row highend_69f3329a04455\"><div class=\"wpb_column vc_column_container vc_col-sm-12\"><div class=\"vc_column-inner\"><div class=\"wpb_wrapper\"><div class=\"vc_separator wpb_content_element vc_separator_align_center vc_sep_width_100 vc_sep_pos_align_center vc_separator_no_text vc_custom_1558381485958 wpb_content_element  vc_custom_1558381485958 wpb_content_element\" id=\"PateWerden\"><span class=\"vc_sep_holder vc_sep_holder_l\"><span style=\"border-color:#bababa;\" class=\"vc_sep_line\"><\/span><\/span><span class=\"vc_sep_holder vc_sep_holder_r\"><span style=\"border-color:#bababa;\" class=\"vc_sep_line\"><\/span><\/span>\n<\/div><\/div><\/div><\/div><\/div><div class=\"vc_row element-row row highend_69f3329a049eb\"><div class=\"wpb_column vc_column_container vc_col-sm-12\"><div class=\"vc_column-inner\"><div class=\"wpb_wrapper\">\n\t<div class=\"wpb_text_column wpb_content_element\" >\n\t\t<div class=\"wpb_wrapper\">\n\t\t\t<h1 style=\"text-align: center;\"><span style=\"color: #980b11;\">Kindern in Portugal eine Zukunft geben<\/span><\/h1>\n\n\t\t<\/div>\n\t<\/div>\n<\/div><\/div><\/div><\/div><div class=\"vc_row element-row row vc_custom_1558355655261 highend_vc_custom_1558355655261\"><div class=\"wpb_column vc_column_container vc_col-sm-6\"><div class=\"vc_column-inner vc_custom_1558355938246\"><div class=\"wpb_wrapper\">\n\t<div class=\"wpb_text_column wpb_content_element\" >\n\t\t<div class=\"wpb_wrapper\">\n\t\t\t<h2 style=\"text-align: left;\">Wir bieten f\u00fcr dieses Patenschaftsprojekt folgende M\u00f6glichkeit der Unterst\u00fctzung an.<\/h2>\n\n\t\t<\/div>\n\t<\/div>\n\n\t<div class=\"wpb_text_column wpb_content_element\" >\n\t\t<div class=\"wpb_wrapper\">\n\t\t\t<div class=\"wpb_text_column wpb_content_element vc_custom_1536134706704\">\n<div class=\"wpb_wrapper\">\n<h3><b>Projektpatenschaft<\/b><\/h3>\n<\/div>\n<\/div>\n<div class=\"wpb_text_column wpb_content_element \">\n<div class=\"wpb_wrapper\">\n<p>Das bedeutet, sich mit einem regelm\u00e4\u00dfigen finanziellen Beitrag in beliebiger H\u00f6he f\u00fcr das gew\u00e4hlte Patenschaftsprojekt als Ganzes zu engagieren. Damit werden allgemeine Projektkosten, z.B. f\u00fcr Personal und Haushalt, aber auch Zusatzkosten gedeckt, wie z.B. f\u00fcr besondere Aktivit\u00e4ten, gr\u00f6\u00dfere Anschaffungen oder soziale Hilfeleistungen in Notsituationen. Paten bekommen halbj\u00e4hrlich Informationsbriefe aus dem gew\u00e4hlten Projekt.<\/p>\n<\/div>\n<\/div>\n\n\t\t<\/div>\n\t<\/div>\n<\/div><\/div><\/div><div class=\"schatten wpb_column vc_column_container vc_col-sm-6 vc_col-has-fill\"><div class=\"vc_column-inner vc_custom_1558355698667\"><div class=\"wpb_wrapper\">\n\t<div class=\"wpb_text_column wpb_content_element\" >\n\t\t<div class=\"wpb_wrapper\">\n\t\t\t<h1 style=\"text-align: center;\"><span style=\"color: #980b11;\">Ich bin dabei!<\/span><\/h1>\n<p style=\"text-align: center;\">In nur 3 Schritten Pate werden<\/p>\n\n\t\t<\/div>\n\t<\/div>\n\n\t<div class=\"wpb_raw_code wpb_raw_html wpb_content_element\" >\n\t\t<div class=\"wpb_wrapper\">\n\t\t\t<form method=\"POST\" action=\"https:\/\/www.vm-int.de\/patenschaften-spenden\">\n<strong>Ich \u00fcbernehme die Patenschaft f\u00fcr...<\/strong><br>\n<!-- \nDie drei Hidden-Inputs m\u00fcssen f\u00fcr jedes Projekt angepasst werden.\nKinderpatenschaft und Projektpatenschaft sind die Projekt-ID aus der Fundraisingbox.\n-->\n\n\t\t\t<input type=\"hidden\" name=\"projekt\" value=\"244-Portugal\">\n\t\t\t<input type=\"hidden\" name=\"kinderpatenschaft\" value=\"22726\">\n\t\t\t<input type=\"hidden\" name=\"projektpatenschaft\" value=\"22727\">\n\n           <input type=\"radio\" id=\"pate\" name=\"patenschaft\" value=\"projekt\" checked=\"checked\"> das Projekt<br><br>\n           <input type=\"hidden\" name=\"projekt\" value=\"244-Portugal\">\n\n<\/div>\n<strong>Ich m\u00f6chte \u00fcber <\/strong><br>\n           <input type=\"radio\" name=\"zahlung\" value=\"sepa\" required> SEPA\/Lastschrift spenden <br>\n           <input type=\"radio\" name=\"zahlung\" value=\"dauerauftrag\"> Dauerauftrag spenden<br><br>\n<input type=\"submit\" name=\"weiter\" value=\"weiter\" style=\"text-align: right;\">\n<\/form>\n\t\t<\/div>\n\t<\/div>\n<\/div><\/div><\/div><\/div><div class=\"vc_row element-row row highend_69f3329a058ca\"><div class=\"wpb_column vc_column_container vc_col-sm-12\"><div class=\"vc_column-inner\"><div class=\"wpb_wrapper\"><div class=\"vc_row element-row vc_inner row\"><div class=\"wpb_column vc_column_container vc_col-sm-12\"><div class=\"vc_column-inner\"><div class=\"wpb_wrapper\">\n\t<div class=\"wpb_text_column wpb_content_element\" >\n\t\t<div class=\"wpb_wrapper\">\n\t\t\t<p style=\"text-align: center;\"><span style=\"color: #808080;\">*Aus Datenschutzgr\u00fcnden wurden die Namen ge\u00e4ndert<\/span><\/p>\n\n\t\t<\/div>\n\t<\/div>\n<\/div><\/div><\/div><\/div><\/div><\/div><\/div><\/div>\n<\/div>","protected":false},"excerpt":{"rendered":"Musikschule \u201eEscolhas\u201c in Portugal\u2026 \u2026 Liebe schenken mit Musik zum Vergr\u00f6\u00dfern Bild anklicken Allgemeine Informationen In der Arts School der [...]","protected":false},"author":1,"featured_media":0,"parent":0,"menu_order":0,"comment_status":"closed","ping_status":"closed","template":"","meta":{"footnotes":""},"class_list":["post-1362","page","type-page","status-publish","hentry"],"_links":{"self":[{"href":"https:\/\/vm-international.de\/en\/wp-json\/wp\/v2\/pages\/1362","targetHints":{"allow":["GET"]}}],"collection":[{"href":"https:\/\/vm-international.de\/en\/wp-json\/wp\/v2\/pages"}],"about":[{"href":"https:\/\/vm-international.de\/en\/wp-json\/wp\/v2\/types\/page"}],"author":[{"embeddable":true,"href":"https:\/\/vm-international.de\/en\/wp-json\/wp\/v2\/users\/1"}],"replies":[{"embeddable":true,"href":"https:\/\/vm-international.de\/en\/wp-json\/wp\/v2\/comments?post=1362"}],"version-history":[{"count":15,"href":"https:\/\/vm-international.de\/en\/wp-json\/wp\/v2\/pages\/1362\/revisions"}],"predecessor-version":[{"id":3163,"href":"https:\/\/vm-international.de\/en\/wp-json\/wp\/v2\/pages\/1362\/revisions\/3163"}],"wp:attachment":[{"href":"https:\/\/vm-international.de\/en\/wp-json\/wp\/v2\/media?parent=1362"}],"curies":[{"name":"wp","href":"https:\/\/api.w.org\/{rel}","templated":true}]}}