{"id":1297,"date":"2019-06-25T11:29:28","date_gmt":"2019-06-25T09:29:28","guid":{"rendered":"https:\/\/www.vm-int.de\/?page_id=1297"},"modified":"2022-09-22T08:47:50","modified_gmt":"2022-09-22T06:47:50","slug":"kinderheim-indien","status":"publish","type":"page","link":"https:\/\/vm-international.de\/en\/kinderheim-indien\/","title":{"rendered":"Kinderheim Indien"},"content":{"rendered":"<div class=\"wpb-content-wrapper\"><div class=\"vc_row element-row row highend_69f7440211ead\"><div class=\"wpb_column vc_column_container vc_col-sm-12\"><div class=\"vc_column-inner\"><div class=\"wpb_wrapper\">\n\t<div class=\"wpb_text_column wpb_content_element\" >\n\t\t<div class=\"wpb_wrapper\">\n\t\t\t<h1 style=\"text-align: center;\"><span style=\"color: #980b11;\">Kinderheim \u201ePrem Sewa Children\u2019s Home\u201c in Indien\u2026<\/span><\/h1>\n<h2 style=\"text-align: center;\">\u2026einen Weg aus der Armut weisen<\/h2>\n\n\t\t<\/div>\n\t<\/div>\n<\/div><\/div><\/div><\/div><div class=\"vc_row element-row row highend_69f7440212593\"><div class=\"wpb_column vc_column_container vc_col-sm-12\"><div class=\"vc_column-inner\"><div class=\"wpb_wrapper\"><div class=\"vc_separator wpb_content_element vc_separator_align_center vc_sep_width_100 vc_sep_pos_align_center vc_separator_no_text vc_custom_1557826773892 wpb_content_element  vc_custom_1557826773892 wpb_content_element\" ><span class=\"vc_sep_holder vc_sep_holder_l\"><span style=\"border-color:#bababa;\" class=\"vc_sep_line\"><\/span><\/span><span class=\"vc_sep_holder vc_sep_holder_r\"><span style=\"border-color:#bababa;\" class=\"vc_sep_line\"><\/span><\/span>\n<\/div><\/div><\/div><\/div><\/div><div class=\"vc_row element-row row highend_69f7440212ba2\"><div class=\"wpb_column vc_column_container vc_col-sm-4\"><div class=\"vc_column-inner\"><div class=\"wpb_wrapper\">\n\t<div  class=\"wpb_single_image wpb_content_element vc_align_left wpb_content_element  balken\">\n\t\t\n\t\t<figure class=\"wpb_wrapper vc_figure\">\n\t\t\t<a class=\"\" data-lightbox=\"lightbox[rel-1297-3437124360]\" href=\"https:\/\/vm-international.de\/wp-content\/uploads\/2019\/10\/Indien-Info-Map-1024x576.jpg\" target=\"_self\" class=\"vc_single_image-wrapper   vc_box_border_grey\"><img loading=\"lazy\" decoding=\"async\" width=\"1920\" height=\"1080\" src=\"https:\/\/vm-international.de\/wp-content\/uploads\/2019\/10\/Indien-Info-Map.jpg\" class=\"vc_single_image-img attachment-full\" alt=\"\" title=\"Indien Info Map\" srcset=\"https:\/\/vm-international.de\/wp-content\/uploads\/2019\/10\/Indien-Info-Map.jpg 1920w, https:\/\/vm-international.de\/wp-content\/uploads\/2019\/10\/Indien-Info-Map-300x169.jpg 300w, https:\/\/vm-international.de\/wp-content\/uploads\/2019\/10\/Indien-Info-Map-768x432.jpg 768w, https:\/\/vm-international.de\/wp-content\/uploads\/2019\/10\/Indien-Info-Map-1024x576.jpg 1024w\" sizes=\"auto, (max-width: 1920px) 100vw, 1920px\" \/><\/a>\n\t\t<\/figure>\n\t<\/div>\n\n\t<div class=\"wpb_text_column wpb_content_element\" >\n\t\t<div class=\"wpb_wrapper\">\n\t\t\t<p style=\"text-align: center;\">zum Vergr\u00f6\u00dfern Bild anklicken<\/p>\n\n\t\t<\/div>\n\t<\/div>\n<\/div><\/div><\/div><div class=\"wpb_column vc_column_container vc_col-sm-8\"><div class=\"vc_column-inner\"><div class=\"wpb_wrapper\">\n\t<div class=\"wpb_text_column wpb_content_element\" >\n\t\t<div class=\"wpb_wrapper\">\n\t\t\t<h2><span style=\"color: #980b11;\"><strong>Allgemeine Informationen<br \/>\n<\/strong><\/span><\/h2>\n<p>Im \u201ePrem Sewa\u201c-Kinderheim in Indien, an der Grenze zu Nepal, leben bis zu 40 Jungen zwischen 5 und 25 Jahren. Es sind Kinder aus sehr armen Familien, deren Eltern ihren Unterhalt zumeist durch Betteln verdienen. Bei uns erhalten die Jungen \u2013 in Kooperation mit dem F\u00f6rderverein \u201eAktion Lebensbrot e.V.\u201c \u2013 eine umfassende Versorgung in einem famili\u00e4ren Umfeld und besuchen eine Schule am Ort. Der Beitrag f\u00fcr eine Teil- bzw. Vollpatenschaft betr\u00e4gt zwischen <strong>10 und 90 Euro\/Monat<\/strong> und kann frei gew\u00e4hlt werden. Durch den Zusammenschluss mehrerer Teilpatenschaften kann eine umfassende Versorgung eines Jungen gew\u00e4hrleistet werden. | <strong>Projekt 111 Kinderpatenschaften Indien<\/strong><\/p>\n\n\t\t<\/div>\n\t<\/div>\n<\/div><\/div><\/div><\/div><div class=\"vc_row element-row row highend_69f744021384d\"><div class=\"wpb_column vc_column_container vc_col-sm-4\"><div class=\"vc_column-inner\"><div class=\"wpb_wrapper\"><div class=\"wpb_gallery wpb_content_element vc_clearfix wpb_content_element\" ><div class=\"wpb_wrapper\"><div class=\"wpb_gallery_slides wpb_slider_nivo theme-default\" data-interval=\"5\"><div class=\"nivoSlider\"><a class=\"\" href=\"https:\/\/vm-international.de\/wp-content\/uploads\/2019\/10\/Projekt-111-Kinderpatenschaften_3-1024x768.jpg\" data-lightbox=\"lightbox[rel-1297-3891748814]\"><img decoding=\"async\" class=\"\" src=\"https:\/\/vm-international.de\/wp-content\/uploads\/2019\/10\/Projekt-111-Kinderpatenschaften_3-200x150.jpg\" width=\"200\" height=\"150\" alt=\"Projekt 111 Kinderpatenschaften_3\" title=\"Projekt 111 Kinderpatenschaften_3\" loading=\"lazy\" \/><\/a><a class=\"\" href=\"https:\/\/vm-international.de\/wp-content\/uploads\/2019\/10\/Projekt-111-Kinderpatenschaften_4.jpg\" data-lightbox=\"lightbox[rel-1297-3891748814]\"><img decoding=\"async\" class=\"\" src=\"https:\/\/vm-international.de\/wp-content\/uploads\/2019\/10\/Projekt-111-Kinderpatenschaften_4-200x150.jpg\" width=\"200\" height=\"150\" alt=\"Projekt 111 Kinderpatenschaften_4\" title=\"Projekt 111 Kinderpatenschaften_4\" loading=\"lazy\" \/><\/a><a class=\"\" href=\"https:\/\/vm-international.de\/wp-content\/uploads\/2019\/10\/Projekt-111-Kinderpatenschaften_5-768x1024.jpg\" data-lightbox=\"lightbox[rel-1297-3891748814]\"><img decoding=\"async\" class=\"\" src=\"https:\/\/vm-international.de\/wp-content\/uploads\/2019\/10\/Projekt-111-Kinderpatenschaften_5-200x150.jpg\" width=\"200\" height=\"150\" alt=\"Projekt 111 Kinderpatenschaften_5\" title=\"Projekt 111 Kinderpatenschaften_5\" loading=\"lazy\" \/><\/a><a class=\"\" href=\"https:\/\/vm-international.de\/wp-content\/uploads\/2019\/10\/Projekt-111-Kinderpatenschaften_6-768x1024.jpg\" data-lightbox=\"lightbox[rel-1297-3891748814]\"><img decoding=\"async\" class=\"\" src=\"https:\/\/vm-international.de\/wp-content\/uploads\/2019\/10\/Projekt-111-Kinderpatenschaften_6-200x150.jpg\" width=\"200\" height=\"150\" alt=\"Projekt 111 Kinderpatenschaften_6\" title=\"Projekt 111 Kinderpatenschaften_6\" loading=\"lazy\" \/><\/a><a class=\"\" href=\"https:\/\/vm-international.de\/wp-content\/uploads\/2019\/10\/Projekt-111-Kinderpatenschaften_7-1024x768.jpg\" data-lightbox=\"lightbox[rel-1297-3891748814]\"><img decoding=\"async\" class=\"\" src=\"https:\/\/vm-international.de\/wp-content\/uploads\/2019\/10\/Projekt-111-Kinderpatenschaften_7-200x150.jpg\" width=\"200\" height=\"150\" alt=\"Projekt 111 Kinderpatenschaften_7\" title=\"Projekt 111 Kinderpatenschaften_7\" loading=\"lazy\" \/><\/a><a class=\"\" href=\"https:\/\/vm-international.de\/wp-content\/uploads\/2019\/10\/Projekt-111-Kinderpatenschaften_8-1024x768.jpg\" data-lightbox=\"lightbox[rel-1297-3891748814]\"><img decoding=\"async\" class=\"\" src=\"https:\/\/vm-international.de\/wp-content\/uploads\/2019\/10\/Projekt-111-Kinderpatenschaften_8-200x150.jpg\" width=\"200\" height=\"150\" alt=\"Projekt 111 Kinderpatenschaften_8\" title=\"Projekt 111 Kinderpatenschaften_8\" loading=\"lazy\" \/><\/a><a class=\"\" href=\"https:\/\/vm-international.de\/wp-content\/uploads\/2019\/10\/Projekt-111-Kinderpatenschaften_9-1024x768.jpg\" data-lightbox=\"lightbox[rel-1297-3891748814]\"><img decoding=\"async\" class=\"\" src=\"https:\/\/vm-international.de\/wp-content\/uploads\/2019\/10\/Projekt-111-Kinderpatenschaften_9-200x150.jpg\" width=\"200\" height=\"150\" alt=\"Projekt 111 Kinderpatenschaften_9\" title=\"Projekt 111 Kinderpatenschaften_9\" loading=\"lazy\" \/><\/a><a class=\"\" href=\"https:\/\/vm-international.de\/wp-content\/uploads\/2019\/10\/Projekt-111-Kinderpatenschaften_10-1024x768.jpg\" data-lightbox=\"lightbox[rel-1297-3891748814]\"><img decoding=\"async\" class=\"\" src=\"https:\/\/vm-international.de\/wp-content\/uploads\/2019\/10\/Projekt-111-Kinderpatenschaften_10-200x150.jpg\" width=\"200\" height=\"150\" alt=\"Projekt 111 Kinderpatenschaften_10\" title=\"Projekt 111 Kinderpatenschaften_10\" loading=\"lazy\" \/><\/a><a class=\"\" href=\"https:\/\/vm-international.de\/wp-content\/uploads\/2019\/10\/Projekt-111-Kinderpatenschaften_11-768x1024.jpg\" data-lightbox=\"lightbox[rel-1297-3891748814]\"><img decoding=\"async\" class=\"\" src=\"https:\/\/vm-international.de\/wp-content\/uploads\/2019\/10\/Projekt-111-Kinderpatenschaften_11-200x150.jpg\" width=\"200\" height=\"150\" alt=\"Projekt 111 Kinderpatenschaften_11\" title=\"Projekt 111 Kinderpatenschaften_11\" loading=\"lazy\" \/><\/a><a class=\"\" href=\"https:\/\/vm-international.de\/wp-content\/uploads\/2019\/10\/Projekt-111-Kinderpatenschaften_12-550x1024.jpg\" data-lightbox=\"lightbox[rel-1297-3891748814]\"><img decoding=\"async\" class=\"\" src=\"https:\/\/vm-international.de\/wp-content\/uploads\/2019\/10\/Projekt-111-Kinderpatenschaften_12-200x150.jpg\" width=\"200\" height=\"150\" alt=\"Projekt 111 Kinderpatenschaften_12\" title=\"Projekt 111 Kinderpatenschaften_12\" loading=\"lazy\" \/><\/a><a class=\"\" href=\"https:\/\/vm-international.de\/wp-content\/uploads\/2019\/10\/Projekt-111-Kinderpatenschaften_13-1024x768.jpg\" data-lightbox=\"lightbox[rel-1297-3891748814]\"><img decoding=\"async\" class=\"\" src=\"https:\/\/vm-international.de\/wp-content\/uploads\/2019\/10\/Projekt-111-Kinderpatenschaften_13-200x150.jpg\" width=\"200\" height=\"150\" alt=\"dav\" title=\"dav\" loading=\"lazy\" \/><\/a><a class=\"\" href=\"https:\/\/vm-international.de\/wp-content\/uploads\/2019\/10\/Projekt-111-Kinderpatenschaften_2.jpg\" data-lightbox=\"lightbox[rel-1297-3891748814]\"><img decoding=\"async\" class=\"\" src=\"https:\/\/vm-international.de\/wp-content\/uploads\/2019\/10\/Projekt-111-Kinderpatenschaften_2-200x150.jpg\" width=\"200\" height=\"150\" alt=\"dig\" title=\"dig\" loading=\"lazy\" \/><\/a><a class=\"\" href=\"https:\/\/vm-international.de\/wp-content\/uploads\/2019\/10\/Projekt-111-Kinder_1-1024x681.jpg\" data-lightbox=\"lightbox[rel-1297-3891748814]\"><img decoding=\"async\" class=\"\" src=\"https:\/\/vm-international.de\/wp-content\/uploads\/2019\/10\/Projekt-111-Kinder_1-200x150.jpg\" width=\"200\" height=\"150\" alt=\"Projekt 111 Kinder_1\" title=\"Projekt 111 Kinder_1\" loading=\"lazy\" \/><\/a><\/div><\/div><\/div><\/div>\n\t<div class=\"wpb_text_column wpb_content_element\" >\n\t\t<div class=\"wpb_wrapper\">\n\t\t\t<p style=\"text-align: center;\">zum Vergr\u00f6\u00dfern Bild anklicken<\/p>\n\n\t\t<\/div>\n\t<\/div>\n<\/div><\/div><\/div><div class=\"wpb_column vc_column_container vc_col-sm-8\"><div class=\"vc_column-inner\"><div class=\"wpb_wrapper\">\n\t<div class=\"wpb_text_column wpb_content_element\" >\n\t\t<div class=\"wpb_wrapper\">\n\t\t\t<h2><span style=\"color: #980b11;\"><strong>\u00dcber 50 Jahre<\/strong><\/span><\/h2>\n<p>Vor \u00fcber 50 Jahren wurde das &#8220;Prem Sewa Children&#8217;s Home&#8221; in Rupaidiha, einem Ort in Nordindien direkt an der Grenze zu Nepal, gegr\u00fcndet, um Jungen aus Familien aufzunehmen, die wegen Krankheit oder Armut ihre Kinder nicht versorgen k\u00f6nnen. Viele der Kinder w\u00fcrden sonst verwahrlost oder als Bettler auf der Stra\u00dfe landen. Die jetzigen Heimleiter sind <strong>Annie und Anand James\u00a0<\/strong>aus S\u00fcdindien, die ein weites Herz f\u00fcr die Kinder haben und die Arbeit im Heim als ihre Berufung sehen.<\/p>\n<p>Von Deutschland aus wird das Projekt von <strong>Christof und Iris Wallner*<\/strong>, Leiter des F\u00f6rdervereins \u201eAktion Lebensbrot e.V.\u201c, betreut und geleitet sowie durch regelm\u00e4\u00dfige Besuche des Projekts gef\u00f6rdert. Der Verein wurde vor Jahren eigens f\u00fcr die Arbeit in Indien gegr\u00fcndet und arbeitet eng mit VM-International zusammen.<\/p>\n<p>Das Ziel des Kinderheims ist, den Jungen eine unbeschwerte Kindheit zu erm\u00f6glichen und ihnen eine gute Schulausbildung zu geben, welche in Indien die wichtigste Voraussetzung f\u00fcr ein selbstbestimmtes Leben ist.<\/p>\n<p>Sie kommen mit ca. 5 Jahren in die gro\u00dfe Heimfamilie und werden liebevoll von engagierten Mitarbeitern betreut, die mit den Kindern spielen, ihnen Geschichten vorlesen, mit ihnen singen und beten und sie seelisch unterst\u00fctzen. Die Kinder spielen, wie alle Jungen in Indien, Cricket und Fu\u00dfball, machen oft gemeinsam Musik und lernen viel \u00fcber das Leben und \u00fcber Gott.<\/p>\n<p>Sie lernen aber auch allgemeine wichtige Dinge f\u00fcrs Leben, wie Kochen, Waschen, handwerkliche F\u00e4higkeiten usw.<\/p>\n<p>Sie gehen gemeinsam in die Schule vor Ort. Die Ferien verbringen die Jungen bei ihren Familien. Insgesamt bleiben sie ca. 15 Jahre im Kinderheim, bis sie dann mit Blick auf ihre F\u00e4higkeiten, nach Beratung und Vermittlung durch die Heimleitung, in die Berufsausbildung gehen.<\/p>\n\n\t\t<\/div>\n\t<\/div>\n<\/div><\/div><\/div><\/div><div class=\"vc_row element-row row highend_69f74402158d9\"><div class=\"wpb_column vc_column_container vc_col-sm-12\"><div class=\"vc_column-inner\"><div class=\"wpb_wrapper\"><div class=\"shortcode-wrapper shortcode-icon-box clearfix  schatten\"><div class=\"content-box top-icon\"><i class=\"icon-quote-right box-icon\"><\/i><div class=\"alignleft\">\n<h2 class=\"western\" style=\"text-align: left;\"><\/h2>\n<h3 class=\"western\" style=\"text-align: left;\"><span style=\"color: #980b11;\"><em><b><img loading=\"lazy\" decoding=\"async\" class=\"wp-image-1690 size-medium alignleft\" src=\"https:\/\/www.vm-int.de\/wp-content\/uploads\/2019\/10\/Wallner-300x196.jpg\" alt=\"\" width=\"300\" height=\"196\" srcset=\"https:\/\/vm-international.de\/wp-content\/uploads\/2019\/10\/Wallner-300x196.jpg 300w, https:\/\/vm-international.de\/wp-content\/uploads\/2019\/10\/Wallner.jpg 400w\" sizes=\"auto, (max-width: 300px) 100vw, 300px\" \/>Unsere Mitarbeiter Wallners:<\/b><\/em><\/span><\/h3>\n<p class=\"western\" style=\"min-height: 200px; text-align: left;\"><em>&#8220;Ich habe einige Jahre meines Lebens in Rupaidiha verbracht und dort viele sch\u00fcchterne 5-j\u00e4hrige Jungen gesehen, die im Heim aufwuchsen, fr\u00f6hlich sangen, hart studierten, Kricket und Fu\u00dfball spielten, Bibelgeschichten lasen und zusammen beteten, einander Musikinstrumente beibrachten&#8230; Diese Jungen verlie\u00dfen das Heim ca. 15 Jahre sp\u00e4ter als verantwortungsbewusste, reife junge M\u00e4nner.<br \/>\nWir beten, dass das Heim weiterhin ein Platz ist, wo Menschen Gottes Segen erfahren und selbst ein Segen werden f\u00fcr die ganze Gesellschaft.&#8221; <\/em><\/p>\n<\/div><\/div><\/div><\/div><\/div><\/div><\/div><div class=\"vc_row element-row row highend_69f7440215c61\"><div class=\"wpb_column vc_column_container vc_col-sm-12\"><div class=\"vc_column-inner\"><div class=\"wpb_wrapper\"><div class=\"vc_separator wpb_content_element vc_separator_align_center vc_sep_width_100 vc_sep_pos_align_center vc_separator_no_text vc_custom_1557826773892 wpb_content_element  vc_custom_1557826773892 wpb_content_element\" ><span class=\"vc_sep_holder vc_sep_holder_l\"><span style=\"border-color:#bababa;\" class=\"vc_sep_line\"><\/span><\/span><span class=\"vc_sep_holder vc_sep_holder_r\"><span style=\"border-color:#bababa;\" class=\"vc_sep_line\"><\/span><\/span>\n<\/div>\n\t<div class=\"wpb_text_column wpb_content_element\" >\n\t\t<div class=\"wpb_wrapper\">\n\t\t\t<h2 style=\"text-align: center;\"><span style=\"color: #980b11;\">Was Kinder \u00fcber dieses Projekt sagen<\/span><\/h2>\n\n\t\t<\/div>\n\t<\/div>\n<\/div><\/div><\/div><\/div><div class=\"vc_row element-row row highend_69f74402163d4\"><div class=\"wpb_column vc_column_container vc_col-sm-3\"><div class=\"vc_column-inner\"><div class=\"wpb_wrapper\">\n\t<div class=\"wpb_text_column wpb_content_element\" >\n\t\t<div class=\"wpb_wrapper\">\n\t\t\t<p><img loading=\"lazy\" decoding=\"async\" class=\"aligncenter wp-image-1635 size-full\" src=\"https:\/\/www.vm-int.de\/wp-content\/uploads\/2019\/10\/Projekt-111-Statement-Pratap.jpg\" alt=\"\" width=\"400\" height=\"400\" srcset=\"https:\/\/vm-international.de\/wp-content\/uploads\/2019\/10\/Projekt-111-Statement-Pratap.jpg 400w, https:\/\/vm-international.de\/wp-content\/uploads\/2019\/10\/Projekt-111-Statement-Pratap-150x150.jpg 150w, https:\/\/vm-international.de\/wp-content\/uploads\/2019\/10\/Projekt-111-Statement-Pratap-300x300.jpg 300w\" sizes=\"auto, (max-width: 400px) 100vw, 400px\" \/><\/p>\n\n\t\t<\/div>\n\t<\/div>\n<div class=\"shortcode-wrapper shortcode-icon-box clearfix  schatten icon-box-hoehe\"><div class=\"content-box top-icon\"><i class=\"icon-quote-right box-icon\"><\/i><div class=\"alignleft\">\n<h2 class=\"western\"><\/h2>\n<h3 class=\"western\" style=\"text-align: center;\"><em><span style=\"color: #000000;\"><b>Pratap*, Klasse 2:<\/b><\/span><\/em><\/h3>\n<p>Ich schwimme gerne, und ich mag Weihnachten.<\/div><\/div><\/div><\/div><\/div><\/div><div class=\"wpb_column vc_column_container vc_col-sm-3\"><div class=\"vc_column-inner\"><div class=\"wpb_wrapper\">\n\t<div class=\"wpb_text_column wpb_content_element\" >\n\t\t<div class=\"wpb_wrapper\">\n\t\t\t<p><img loading=\"lazy\" decoding=\"async\" class=\"balken schatten aligncenter wp-image-1637 size-full\" src=\"https:\/\/www.vm-int.de\/wp-content\/uploads\/2019\/10\/Projekt-111-Statement-Rajiv.jpg\" alt=\"\" width=\"400\" height=\"400\" srcset=\"https:\/\/vm-international.de\/wp-content\/uploads\/2019\/10\/Projekt-111-Statement-Rajiv.jpg 400w, https:\/\/vm-international.de\/wp-content\/uploads\/2019\/10\/Projekt-111-Statement-Rajiv-150x150.jpg 150w, https:\/\/vm-international.de\/wp-content\/uploads\/2019\/10\/Projekt-111-Statement-Rajiv-300x300.jpg 300w\" sizes=\"auto, (max-width: 400px) 100vw, 400px\" \/><\/p>\n\n\t\t<\/div>\n\t<\/div>\n<div class=\"shortcode-wrapper shortcode-icon-box clearfix  schatten icon-box-hoehe\"><div class=\"content-box top-icon\"><i class=\"icon-quote-right box-icon\"><\/i><div class=\"alignleft\">\n<h2 class=\"western\"><\/h2>\n<h3 class=\"western\" style=\"text-align: center;\"><em><span style=\"color: #000000;\"><b>Rajiv*, Klasse 5:<\/b><\/span><\/em><\/h3>\n<p>In diesem Heim darf ich lernen und ich lerne doch so gerne! Alle Erwachsenen hier lieben mich so, als w\u00e4ren sie meine Eltern.<\/div><\/div><\/div><\/div><\/div><\/div><div class=\"wpb_column vc_column_container vc_col-sm-3\"><div class=\"vc_column-inner\"><div class=\"wpb_wrapper\">\n\t<div class=\"wpb_text_column wpb_content_element\" >\n\t\t<div class=\"wpb_wrapper\">\n\t\t\t<p><img loading=\"lazy\" decoding=\"async\" class=\"balken schatten aligncenter wp-image-1636 size-full\" src=\"https:\/\/www.vm-int.de\/wp-content\/uploads\/2019\/10\/Projekt-111-Statement-Rahul.jpg\" alt=\"\" width=\"400\" height=\"400\" srcset=\"https:\/\/vm-international.de\/wp-content\/uploads\/2019\/10\/Projekt-111-Statement-Rahul.jpg 400w, https:\/\/vm-international.de\/wp-content\/uploads\/2019\/10\/Projekt-111-Statement-Rahul-150x150.jpg 150w, https:\/\/vm-international.de\/wp-content\/uploads\/2019\/10\/Projekt-111-Statement-Rahul-300x300.jpg 300w\" sizes=\"auto, (max-width: 400px) 100vw, 400px\" \/><\/p>\n\n\t\t<\/div>\n\t<\/div>\n<div class=\"shortcode-wrapper shortcode-icon-box clearfix  schatten schatten icon-box-hoehe\"><div class=\"content-box top-icon\"><i class=\"icon-quote-right box-icon\"><\/i><div class=\"alignleft\">\n<h2 class=\"western\"><\/h2>\n<h3 class=\"western\" style=\"text-align: center;\"><em><span style=\"color: #000000;\"><b>Rahul*, Klasse 6:<\/b><\/span><\/em><\/h3>\n<p>Ich mag den Lebensstil hier, und ich mache gerne Musik.<\/div><\/div><\/div><\/div><\/div><\/div><div class=\"wpb_column vc_column_container vc_col-sm-3\"><div class=\"vc_column-inner\"><div class=\"wpb_wrapper\">\n\t<div class=\"wpb_text_column wpb_content_element\" >\n\t\t<div class=\"wpb_wrapper\">\n\t\t\t<p><img loading=\"lazy\" decoding=\"async\" class=\"balken schatten aligncenter wp-image-1634 size-full\" src=\"https:\/\/www.vm-int.de\/wp-content\/uploads\/2019\/10\/Projekt-111-Statement-Anil.jpg\" alt=\"\" width=\"400\" height=\"400\" srcset=\"https:\/\/vm-international.de\/wp-content\/uploads\/2019\/10\/Projekt-111-Statement-Anil.jpg 400w, https:\/\/vm-international.de\/wp-content\/uploads\/2019\/10\/Projekt-111-Statement-Anil-150x150.jpg 150w, https:\/\/vm-international.de\/wp-content\/uploads\/2019\/10\/Projekt-111-Statement-Anil-300x300.jpg 300w\" sizes=\"auto, (max-width: 400px) 100vw, 400px\" \/><\/p>\n\n\t\t<\/div>\n\t<\/div>\n<div class=\"shortcode-wrapper shortcode-icon-box clearfix  schatten icon-box-hoehe\"><div class=\"content-box top-icon\"><i class=\"icon-quote-right box-icon\"><\/i><div class=\"alignleft\">\n<h2 class=\"western\"><\/h2>\n<h3 class=\"western\" style=\"text-align: center;\"><em><span style=\"color: #000000;\"><b>Anil*, Klasse 12:<\/b><\/span><\/em><\/h3>\n<p class=\"ListParagraph\">Ich freue mich, dass ich hier sein darf und alles bekomme, was ich f\u00fcr Gesundheit und Bildung brauche. Ich bin sehr froh, dass ich Jesus als meinen Retter gefunden habe.<\/p>\n<\/div><\/div><\/div><\/div><\/div><\/div><\/div><div class=\"vc_row element-row row highend_69f744021719b\"><div class=\"wpb_column vc_column_container vc_col-sm-12\"><div class=\"vc_column-inner\"><div class=\"wpb_wrapper\"><div class=\"vc_separator wpb_content_element vc_separator_align_center vc_sep_width_100 vc_sep_pos_align_center vc_separator_no_text vc_custom_1558381485958 wpb_content_element  vc_custom_1558381485958 wpb_content_element\" id=\"PateWerden\"><span class=\"vc_sep_holder vc_sep_holder_l\"><span style=\"border-color:#bababa;\" class=\"vc_sep_line\"><\/span><\/span><span class=\"vc_sep_holder vc_sep_holder_r\"><span style=\"border-color:#bababa;\" class=\"vc_sep_line\"><\/span><\/span>\n<\/div><\/div><\/div><\/div><\/div><div class=\"vc_row element-row row highend_69f74402176f5\"><div class=\"wpb_column vc_column_container vc_col-sm-12\"><div class=\"vc_column-inner\"><div class=\"wpb_wrapper\">\n\t<div class=\"wpb_text_column wpb_content_element\" >\n\t\t<div class=\"wpb_wrapper\">\n\t\t\t<h1 style=\"text-align: center;\"><span style=\"color: #980b11;\">Kindern in Indien eine Zukunft geben<\/span><\/h1>\n\n\t\t<\/div>\n\t<\/div>\n<\/div><\/div><\/div><\/div><div class=\"vc_row element-row row vc_custom_1558355655261 highend_vc_custom_1558355655261\"><div class=\"wpb_column vc_column_container vc_col-sm-6\"><div class=\"vc_column-inner vc_custom_1558355938246\"><div class=\"wpb_wrapper\">\n\t<div class=\"wpb_text_column wpb_content_element\" >\n\t\t<div class=\"wpb_wrapper\">\n\t\t\t<h2 style=\"text-align: left;\">Wir bieten f\u00fcr dieses Patenschaftsprojekt zwei M\u00f6glichkeiten der Unterst\u00fctzung an.<\/h2>\n\n\t\t<\/div>\n\t<\/div>\n\n\t<div class=\"wpb_text_column wpb_content_element vc_custom_1566775145637\" >\n\t\t<div class=\"wpb_wrapper\">\n\t\t\t<div class=\"wpb_text_column wpb_content_element vc_custom_1536134706704\">\n<div class=\"wpb_wrapper\">\n<h3><b>1. Kinderpatenschaft<\/b><\/h3>\n<p>Das bedeutet, ein Kind im gew\u00e4hlten Projekt regelm\u00e4\u00dfig finanziell zu unterst\u00fctzen, sodass es ausreichend versorgt und seinem Entwicklungsstand entsprechend gef\u00f6rdert werden kann. Pateneltern erhalten halbj\u00e4hrlich Informationsbriefe aus dem Projekt.<\/p>\n<\/div>\n<\/div>\n\n\t\t<\/div>\n\t<\/div>\n\n\t<div class=\"wpb_text_column wpb_content_element\" >\n\t\t<div class=\"wpb_wrapper\">\n\t\t\t<div class=\"wpb_text_column wpb_content_element vc_custom_1536134706704\">\n<div class=\"wpb_wrapper\">\n<h3><b>2. Projektpatenschaft<\/b><\/h3>\n<\/div>\n<\/div>\n<div class=\"wpb_text_column wpb_content_element \">\n<div class=\"wpb_wrapper\">\n<p>Das bedeutet, sich mit einem regelm\u00e4\u00dfigen finanziellen Beitrag in beliebiger H\u00f6he f\u00fcr das gew\u00e4hlte Patenschaftsprojekt als Ganzes zu engagieren. Damit werden allgemeine Projektkosten, z.B. f\u00fcr Personal und Haushalt, aber auch Zusatzkosten gedeckt, wie z.B. f\u00fcr besondere Aktivit\u00e4ten, gr\u00f6\u00dfere Anschaffungen oder soziale Hilfeleistungen in Notsituationen. Paten bekommen halbj\u00e4hrlich Informationsbriefe aus dem gew\u00e4hlten Projekt.<\/p>\n<\/div>\n<\/div>\n\n\t\t<\/div>\n\t<\/div>\n<\/div><\/div><\/div><div class=\"schatten wpb_column vc_column_container vc_col-sm-6 vc_col-has-fill\"><div class=\"vc_column-inner vc_custom_1558355698667\"><div class=\"wpb_wrapper\">\n\t<div class=\"wpb_text_column wpb_content_element\" >\n\t\t<div class=\"wpb_wrapper\">\n\t\t\t<h1 style=\"text-align: center;\"><span style=\"color: #980b11;\">Ich bin dabei!<\/span><\/h1>\n<p style=\"text-align: center;\">In nur 3 Schritten Pate werden<\/p>\n\n\t\t<\/div>\n\t<\/div>\n\n\t<div class=\"wpb_raw_code wpb_raw_html wpb_content_element\" >\n\t\t<div class=\"wpb_wrapper\">\n\t\t\t<form method=\"POST\">\n<strong>Ich \u00fcbernehme die Patenschaft f\u00fcr...<\/strong><br>\n<!-- \nDie drei Hidden-Inputs m\u00fcssen f\u00fcr jedes Projekt angepasst werden.\nKinderpatenschaft und Projektpatenschaft sind die Projekt-ID aus der Fundraisingbox.\n-->\n\n\t\t\t<input id=\"projektNr\" type=\"hidden\" name=\"projekt\" value=\"111-Indien\">\n\t\t\t<input id=\"kinderpatenschaft\" type=\"hidden\" name=\"kinderpatenschaft\" value=\"22718\">\n\t\t\t<input id=\"projektpatenschaft\" type=\"hidden\" name=\"projektpatenschaft\" value=\"22719\">\n\n           <input type=\"radio\" id=\"kind\" name=\"patenschaft\" value=\"1\"> ein Kind<br>\n           <input type=\"radio\" id=\"pate\" name=\"patenschaft\" value=\"2\"> das Projekt<br><br>\n<div id=\"geschlecht\">\n           <strong>Ich w\u00fcrde gerne (nur bei Kinderpatenschaften)<\/strong><br>\n           <input type=\"radio\" name=\"kind\" value=\"2\" checked> einen Jungen unterst\u00fctzen<br><br>\n<\/div>\n<strong>Ich m\u00f6chte \u00fcber <\/strong><br>\n           <input  type=\"radio\" name=\"zahlung\" value=\"1\"> SEPA\/Lastschrift spenden <br>\n           <input  type=\"radio\" name=\"zahlung\" value=\"2\"> Dauerauftrag spenden<br><br>\n           \n           <div class=\"alert\" style=\"color: #980b11; margin-bottom: 30px;\" id=\"errorPaten\"> <\/div>\n     <\/form>      \n<button class=\"hb-button hb-default-button no-three-d\" id=\"senden\" style=\"background-color: #980b11;\" style=\"text-align: right;\"> Absenden <\/button>\n\n\t\t<\/div>\n\t<\/div>\n\n\t<div class=\"wpb_text_column wpb_content_element\" >\n\t\t<div class=\"wpb_wrapper\">\n\t\t\t<script type='text\/javascript'>\nvar id = \"2278\";<\/script>\n<script type='text\/javascript' src='https:\/\/vm-international.de\/wp-content\/uploads\/winp-css-js\/2278.js?ver=1629969584'><\/script>\n\n\n\t\t<\/div>\n\t<\/div>\n<\/div><\/div><\/div><\/div><div class=\"vc_row element-row row highend_69f7440218b29\"><div class=\"wpb_column vc_column_container vc_col-sm-12\"><div class=\"vc_column-inner\"><div class=\"wpb_wrapper\"><div class=\"vc_row element-row vc_inner row\"><div class=\"wpb_column vc_column_container vc_col-sm-12\"><div class=\"vc_column-inner\"><div class=\"wpb_wrapper\">\n\t<div class=\"wpb_text_column wpb_content_element\" >\n\t\t<div class=\"wpb_wrapper\">\n\t\t\t<p style=\"text-align: center;\"><span style=\"color: #808080;\">*Aus Datenschutzgr\u00fcnden wurden die Namen ge\u00e4ndert<\/span><\/p>\n\n\t\t<\/div>\n\t<\/div>\n<\/div><\/div><\/div><\/div><\/div><\/div><\/div><\/div>\n<\/div>","protected":false},"excerpt":{"rendered":"Kinderheim \u201ePrem Sewa Children\u2019s Home\u201c in Indien\u2026 \u2026einen Weg aus der Armut weisen zum Vergr\u00f6\u00dfern Bild anklicken Allgemeine Informationen Im [...]","protected":false},"author":1,"featured_media":0,"parent":0,"menu_order":0,"comment_status":"closed","ping_status":"closed","template":"","meta":{"footnotes":""},"class_list":["post-1297","page","type-page","status-publish","hentry"],"_links":{"self":[{"href":"https:\/\/vm-international.de\/en\/wp-json\/wp\/v2\/pages\/1297","targetHints":{"allow":["GET"]}}],"collection":[{"href":"https:\/\/vm-international.de\/en\/wp-json\/wp\/v2\/pages"}],"about":[{"href":"https:\/\/vm-international.de\/en\/wp-json\/wp\/v2\/types\/page"}],"author":[{"embeddable":true,"href":"https:\/\/vm-international.de\/en\/wp-json\/wp\/v2\/users\/1"}],"replies":[{"embeddable":true,"href":"https:\/\/vm-international.de\/en\/wp-json\/wp\/v2\/comments?post=1297"}],"version-history":[{"count":20,"href":"https:\/\/vm-international.de\/en\/wp-json\/wp\/v2\/pages\/1297\/revisions"}],"predecessor-version":[{"id":2765,"href":"https:\/\/vm-international.de\/en\/wp-json\/wp\/v2\/pages\/1297\/revisions\/2765"}],"wp:attachment":[{"href":"https:\/\/vm-international.de\/en\/wp-json\/wp\/v2\/media?parent=1297"}],"curies":[{"name":"wp","href":"https:\/\/api.w.org\/{rel}","templated":true}]}}