{"id":1060,"date":"2019-05-29T09:25:32","date_gmt":"2019-05-29T07:25:32","guid":{"rendered":"https:\/\/www.vm-int.de\/?page_id=1060"},"modified":"2025-01-13T11:10:55","modified_gmt":"2025-01-13T10:10:55","slug":"sommereinsaetze","status":"publish","type":"page","link":"https:\/\/vm-international.de\/en\/sommereinsaetze\/","title":{"rendered":"Summer outreaches"},"content":{"rendered":"<div class=\"wpb-content-wrapper\"><div class=\"vc_row element-row row vc_custom_1555570924897 highend_vc_custom_1555570924897\"><div class=\"wpb_column vc_column_container vc_col-sm-12\"><div class=\"vc_column-inner\"><div class=\"wpb_wrapper\">\n\t<div class=\"wpb_text_column wpb_content_element\" >\n\t\t<div class=\"wpb_wrapper\">\n\t\t\t<p><img loading=\"lazy\" decoding=\"async\" class=\"alignnone size-medium wp-image-1152 aligncenter\" src=\"https:\/\/www.vm-int.de\/wp-content\/uploads\/2019\/06\/vm-alive-neu-2019-300x121.png\" alt=\"\" width=\"300\" height=\"121\" srcset=\"\" sizes=\"auto, (max-width: 300px) 100vw, 300px\" data-srcset=\"\" \/><\/p>\n\n\t\t<\/div>\n\t<\/div>\n\n\t<div class=\"wpb_text_column wpb_content_element vc_custom_1559114049956\" >\n\t\t<div class=\"wpb_wrapper\">\n\t\t\t<h1 style=\"text-align: center;\">BE THE MESSAGE<\/h1>\n<h2 style=\"text-align: center;\">Get involved!<\/h2>\n<p style=\"text-align: center;\">There are many opportunities for young people to discover mission and experience it personally.<br \/>\nAs VM-Alive, we want to support you in this:<\/p>\n\n\t\t<\/div>\n\t<\/div>\n\n\t<div class=\"wpb_text_column wpb_content_element\" >\n\t\t<div class=\"wpb_wrapper\">\n\t\t\t<div style=\"max-width: 600px; margin-left: auto; margin-right: auto;\"><a href=\"#comemit\"><img loading=\"lazy\" decoding=\"async\" class=\"wp-image-1228 alignleft\" src=\"https:\/\/www.vm-int.de\/wp-content\/uploads\/2019\/06\/comemit-300x300.png\" alt=\"\" width=\"100\" height=\"100\" srcset=\"\" sizes=\"auto, (max-width: 100px) 100vw, 100px\" data-srcset=\"\" \/><\/a><a href=\"#summero\"><img loading=\"lazy\" decoding=\"async\" class=\"wp-image-1229 alignleft\" src=\"https:\/\/www.vm-int.de\/wp-content\/uploads\/2019\/06\/so-300x300.png\" alt=\"\" width=\"100\" height=\"100\" srcset=\"\" sizes=\"auto, (max-width: 100px) 100vw, 100px\" data-srcset=\"\" \/><\/a><a href=\"#gomission\"><img loading=\"lazy\" decoding=\"async\" class=\"wp-image-1230 alignleft\" src=\"https:\/\/www.vm-int.de\/wp-content\/uploads\/2019\/06\/go-300x300.png\" alt=\"\" width=\"100\" height=\"100\" srcset=\"\" sizes=\"auto, (max-width: 100px) 100vw, 100px\" data-srcset=\"\" \/><\/a><a href=\"#royalrangers\"><img loading=\"lazy\" decoding=\"async\" class=\"wp-image-1232 alignleft\" src=\"https:\/\/www.vm-int.de\/wp-content\/uploads\/2019\/06\/rr-300x300.png\" alt=\"\" width=\"100\" height=\"100\" srcset=\"\" sizes=\"auto, (max-width: 100px) 100vw, 100px\" data-srcset=\"\" \/><\/a><\/div>\n\n\t\t<\/div>\n\t<\/div>\n<div class=\"vc_separator wpb_content_element vc_separator_align_center vc_sep_width_100 vc_sep_pos_align_center vc_separator_no_text vc_custom_1556104368991 wpb_content_element  vc_custom_1556104368991 wpb_content_element\" ><span class=\"vc_sep_holder vc_sep_holder_l\"><span style=\"border-color:#bababa;\" class=\"vc_sep_line\"><\/span><\/span><span class=\"vc_sep_holder vc_sep_holder_r\"><span style=\"border-color:#bababa;\" class=\"vc_sep_line\"><\/span><\/span>\n<\/div><\/div><\/div><\/div><\/div><div class=\"vc_row element-row row highend_69f73b14528cc\"><div class=\"wpb_column vc_column_container vc_col-sm-12\"><div class=\"vc_column-inner\"><div class=\"wpb_wrapper\">\n\t<div class=\"wpb_raw_code wpb_raw_js\" >\n\t\t<div class=\"wpb_wrapper\">\n\t\t\t<script>\n\njQuery(document).ready(function(){\n  jQuery(\".moeglichkeiten\").click(function(){\n    jQuery(this).nextAll(\"tr\").toggle(500);\n  });\n});\n<\/script>\n\t\t<\/div>\n\t<\/div>\n<\/div><\/div><\/div><\/div><div class=\"vc_row element-row row schatten vc_custom_1560348822478 vc_row-has-fill highend_vc_custom_1560348822478\"><div class=\"wpb_column vc_column_container vc_col-sm-12\" id=\"comemit\"><div class=\"vc_column-inner\"><div class=\"wpb_wrapper\">\n\t<div  class=\"wpb_single_image wpb_content_element vc_align_center wpb_content_element\">\n\t\t\n\t\t<figure class=\"wpb_wrapper vc_figure\">\n\t\t\t<div class=\"vc_single_image-wrapper   vc_box_border_grey\"><img loading=\"lazy\" decoding=\"async\" width=\"1280\" height=\"350\" src=\"https:\/\/vm-international.de\/wp-content\/uploads\/2020\/02\/banner_e-commit.jpg\" class=\"vc_single_image-img attachment-full\" alt=\"\" title=\"banner_e-commit\" srcset=\"https:\/\/vm-international.de\/wp-content\/uploads\/2020\/02\/banner_e-commit.jpg 1280w, https:\/\/vm-international.de\/wp-content\/uploads\/2020\/02\/banner_e-commit-300x82.jpg 300w, https:\/\/vm-international.de\/wp-content\/uploads\/2020\/02\/banner_e-commit-1024x280.jpg 1024w, https:\/\/vm-international.de\/wp-content\/uploads\/2020\/02\/banner_e-commit-768x210.jpg 768w\" sizes=\"auto, (max-width: 1280px) 100vw, 1280px\" \/><\/div>\n\t\t<\/figure>\n\t<\/div>\n\n\t<div class=\"wpb_text_column wpb_content_element\" >\n\t\t<div class=\"wpb_wrapper\">\n\t\t\t<h1 style=\"text-align: center;\"><span style=\"color: #980b11;\">COMeMIT<\/span><\/h1>\n<p style=\"text-align: center;\"><strong>COMeMIT is a 2-week summer mission for people aged 16 and older in Lisbon, the beautiful capital of Portugal.<\/strong><\/p>\n<p style=\"text-align: center;\">Lisbon is always worth a visit. You can expect: a different culture, plenty of sunshine, intense times with Jesus, evangelism, activities in the city, and work in social institutions and churches. At the same time, there is also the option for churches to organize a group mission in Portugal.<\/p>\n\n\t\t<\/div>\n\t<\/div>\n\n\t<div class=\"wpb_text_column wpb_content_element vc_custom_1696244008082\" >\n\t\t<div class=\"wpb_wrapper\">\n\t\t\t<table style=\"width: 100%; border-spacing: 0px; padding: 0; border: 0px solid #000;\">\n<tbody>\n<tr class=\"moeglichkeiten\" style=\"cursor: pointer;\">\n<td style=\"border: 0px solid #980b11; background-color: #980b11; color: #ffffff; padding: 20px; text-align: center;\" colspan=\"3\">Mehr Infos | Termine &amp; Kontakt<\/td>\n<\/tr>\n<tr class=\"alive\" style=\"display: none;\">\n<td style=\"width: 33%; padding: 20px; vertical-align: top;\"><img loading=\"lazy\" decoding=\"async\" class=\"wp-image-1228 size-thumbnail aligncenter\" src=\"https:\/\/www.vm-int.de\/wp-content\/uploads\/2019\/06\/comemit-150x150.png\" alt=\"\" width=\"150\" height=\"150\" srcset=\"\" sizes=\"auto, (max-width: 150px) 100vw, 150px\" data-srcset=\"\" \/><\/td>\n<td style=\"width: 33%; padding: 20px; vertical-align: top;\"><strong>COMeMIT<br \/>\n<\/strong>Dates can be arranged using the contact information provided.<\/td>\n<td style=\"width: 33%; padding: 20px; vertical-align: top;\"><strong>Contact: Karsten Mantei \u00a0 \u00a0 \u00a0 \u00a0 \u00a0 \u00a0 \u00a0 \u00a0 \u00a0<\/strong><br \/>\nE-Mail:\u00a0<a href=\"mailto:k.mantei@vm-international.de\">k.mantei@vm-international.de<\/a><br \/>\nMore information at:\u00a0<a href=\"https:\/\/missionconnects.net\/\">www.missionconnects.net<\/a><\/td>\n<\/tr>\n<\/tbody>\n<\/table>\n\n\t\t<\/div>\n\t<\/div>\n<\/div><\/div><\/div><\/div><div class=\"vc_row element-row row schatten vc_custom_1560348896465 vc_row-has-fill highend_vc_custom_1560348896465\"><div class=\"wpb_column vc_column_container vc_col-sm-12\" id=\"summero\"><div class=\"vc_column-inner\"><div class=\"wpb_wrapper\">\n\t<div  class=\"wpb_single_image wpb_content_element vc_align_center wpb_content_element\">\n\t\t\n\t\t<figure class=\"wpb_wrapper vc_figure\">\n\t\t\t<div class=\"vc_single_image-wrapper   vc_box_border_grey\"><img loading=\"lazy\" decoding=\"async\" width=\"1280\" height=\"400\" src=\"https:\/\/vm-international.de\/wp-content\/uploads\/2019\/06\/banner_summerO.jpg\" class=\"vc_single_image-img attachment-full\" alt=\"\" title=\"banner_summerO\" srcset=\"https:\/\/vm-international.de\/wp-content\/uploads\/2019\/06\/banner_summerO.jpg 1280w, https:\/\/vm-international.de\/wp-content\/uploads\/2019\/06\/banner_summerO-300x94.jpg 300w, https:\/\/vm-international.de\/wp-content\/uploads\/2019\/06\/banner_summerO-768x240.jpg 768w, https:\/\/vm-international.de\/wp-content\/uploads\/2019\/06\/banner_summerO-1024x320.jpg 1024w\" sizes=\"auto, (max-width: 1280px) 100vw, 1280px\" \/><\/div>\n\t\t<\/figure>\n\t<\/div>\n\n\t<div class=\"wpb_text_column wpb_content_element\" >\n\t\t<div class=\"wpb_wrapper\">\n\t\t\t<h1 style=\"text-align: center;\"><span style=\"color: #980b11;\">Summer O\u2019<\/span><\/h1>\n<p style=\"text-align: center;\"><strong>A Summer O\u2019 is a 2-week summer mission for people aged 16 and older, offering you the following:<\/strong><\/p>\n<p style=\"text-align: center;\"><strong>INPUT:\u00a0<\/strong>Mornings include an intensive devotion with worship, a sermon, a workshop, and prayer time.<\/p>\n<p style=\"text-align: center;\"><strong>HOLIDAY:\u00a0<\/strong>In the afternoons, there is free time, which can be spent at the beach, in the city, at the church.<\/p>\n<p style=\"text-align: center;\"><strong>OUTPUT:\u00a0<\/strong>In the evenings, we take to the streets. Evangelism is carried out in a variety of ways.<\/p>\n<p style=\"text-align: center;\">The Summer O\u2019 is <strong>bilingual in French and English.<\/strong>Therefore, participants are required to be able to communicate well in at least one of these two languages.<\/p>\n\n\t\t<\/div>\n\t<\/div>\n\n\t<div class=\"wpb_text_column wpb_content_element vc_custom_1736762688940\" >\n\t\t<div class=\"wpb_wrapper\">\n\t\t\t<table style=\"width: 100%; border-spacing: 0px; padding: 0; border: 0px solid #000;\">\n<tbody>\n<tr class=\"moeglichkeiten\" style=\"cursor: pointer;\">\n<td style=\"border: 0px solid #980b11; background-color: #980b11; color: #ffffff; padding: 20px; text-align: center;\" colspan=\"3\">Mehr Infos | Termine &amp; Kontakt<\/td>\n<\/tr>\n<tr class=\"alive\" style=\"display: none;\">\n<td style=\"width: 33%; padding: 20px; vertical-align: top;\"><img loading=\"lazy\" decoding=\"async\" class=\"aligncenter wp-image-1229 size-thumbnail\" src=\"https:\/\/www.vm-int.de\/wp-content\/uploads\/2019\/06\/so-150x150.png\" alt=\"\" width=\"150\" height=\"150\" srcset=\"\" sizes=\"auto, (max-width: 150px) 100vw, 150px\" data-srcset=\"\" \/><\/td>\n<td style=\"width: 33%; padding: 20px; vertical-align: top;\">\n<ul>\n<li><strong>Summer O\u2019<\/strong><br \/>\n18. Juli \u2013 26. Juli 2025<\/li>\n<\/ul>\n<\/td>\n<td style=\"width: 33%; padding: 20px; vertical-align: top;\"><strong>Contact: Manuel Reich\u00f6r <\/strong><br \/>\nE-Mail: <a href=\"mailto:contact@togetherweplant.com\">contact@togetherweplant.com<\/a><br \/>\nMore information and registration at: <a href=\"https:\/\/togetherweplant.com\/de\/einsaetze-mit-teams\/\">www.togetherweplant.com<\/a><\/td>\n<\/tr>\n<\/tbody>\n<\/table>\n\n\t\t<\/div>\n\t<\/div>\n<\/div><\/div><\/div><\/div><div class=\"vc_row element-row row schatten vc_custom_1560348914316 vc_row-has-fill highend_vc_custom_1560348914316\"><div class=\"wpb_column vc_column_container vc_col-sm-12\" id=\"gomission\"><div class=\"vc_column-inner\"><div class=\"wpb_wrapper\">\n\t<div  class=\"wpb_single_image wpb_content_element vc_align_center wpb_content_element\">\n\t\t\n\t\t<figure class=\"wpb_wrapper vc_figure\">\n\t\t\t<div class=\"vc_single_image-wrapper   vc_box_border_grey\"><img loading=\"lazy\" decoding=\"async\" width=\"1280\" height=\"350\" src=\"https:\/\/vm-international.de\/wp-content\/uploads\/2019\/06\/banner_gomission01.jpg\" class=\"vc_single_image-img attachment-full\" alt=\"\" title=\"banner_gomission01\" srcset=\"https:\/\/vm-international.de\/wp-content\/uploads\/2019\/06\/banner_gomission01.jpg 1280w, https:\/\/vm-international.de\/wp-content\/uploads\/2019\/06\/banner_gomission01-300x82.jpg 300w, https:\/\/vm-international.de\/wp-content\/uploads\/2019\/06\/banner_gomission01-768x210.jpg 768w, https:\/\/vm-international.de\/wp-content\/uploads\/2019\/06\/banner_gomission01-1024x280.jpg 1024w\" sizes=\"auto, (max-width: 1280px) 100vw, 1280px\" \/><\/div>\n\t\t<\/figure>\n\t<\/div>\n\n\t<div class=\"wpb_text_column wpb_content_element\" >\n\t\t<div class=\"wpb_wrapper\">\n\t\t\t<h1 style=\"text-align: center;\"><span style=\"color: #980b11;\">GO MISSION<\/span><\/h1>\n<p style=\"text-align: center;\">GO Missions are assignments in Germany and abroad with the following focus areas:\u00a0<strong>Evangelism | Mission | Training | Free time<br \/>\n<\/strong>The GO Missions are carefully planned and supervised in Marseille by VM staff members L\u00fctke and Reich\u00f6r.<\/p>\n<p style=\"text-align: center;\"><strong>You have 2 ways to participate in a GO Mission:<\/strong><\/p>\n\n\t\t<\/div>\n\t<\/div>\n<div class=\"vc_row element-row vc_inner row\"><div class=\"wpb_column vc_column_container vc_col-sm-6\"><div class=\"vc_column-inner\"><div class=\"wpb_wrapper\">\n\t<div class=\"wpb_text_column wpb_content_element\" >\n\t\t<div class=\"wpb_wrapper\">\n\t\t\t<p style=\"text-align: left;\">1. Organize a GO Mission with your group, either locally or in France. Contact us for support\u2014we will assist you and provide a team from VM.<\/p>\n\n\t\t<\/div>\n\t<\/div>\n<\/div><\/div><\/div><div class=\"wpb_column vc_column_container vc_col-sm-6\"><div class=\"vc_column-inner\"><div class=\"wpb_wrapper\">\n\t<div class=\"wpb_text_column wpb_content_element\" >\n\t\t<div class=\"wpb_wrapper\">\n\t\t\t<p style=\"text-align: center;\">2. Take part in an existing GO Mission \u2013 all current dates can be found online on this page or at\u2026 <a href=\"https:\/\/togetherweplant.com\/de\/einsaetze-mit-teams\/#1580559443576-e0870518-2e8c\">www.togetherweplant.com<\/a><\/p>\n\n\t\t<\/div>\n\t<\/div>\n<\/div><\/div><\/div><\/div>\n\t<div class=\"wpb_text_column wpb_content_element vc_custom_1736763051147\" >\n\t\t<div class=\"wpb_wrapper\">\n\t\t\t<table style=\"width: 100%; border-spacing: 0px; padding: 0; border: 0px solid #000;\">\n<tbody>\n<tr class=\"moeglichkeiten\" style=\"cursor: pointer;\">\n<td style=\"border: 0px solid #980b11; background-color: #980b11; color: #ffffff; padding: 20px; text-align: center;\" colspan=\"3\">Mehr Infos | Termine &amp; Kontakt<\/td>\n<\/tr>\n<tr class=\"alive\" style=\"display: none;\">\n<td style=\"width: 33%; padding: 20px; vertical-align: top;\"><img loading=\"lazy\" decoding=\"async\" class=\"aligncenter wp-image-1230 size-thumbnail\" src=\"https:\/\/www.vm-int.de\/wp-content\/uploads\/2019\/06\/go-150x150.png\" alt=\"\" width=\"150\" height=\"150\" srcset=\"\" sizes=\"auto, (max-width: 150px) 100vw, 150px\" data-srcset=\"\" \/><\/td>\n<td style=\"width: 33%; padding: 20px; vertical-align: top;\">\n<ul>\n<li><strong>F\u00fcr 2025<\/strong><br \/>\nGO Missions are planned.<\/li>\n<\/ul>\n<\/td>\n<td style=\"width: 33%; padding: 20px; vertical-align: top;\"><strong>Contact: Manuel Reich\u00f6r <\/strong><br \/>\nE-Mail: <a href=\"mailto:contact@togetherweplant.com\">contact@togetherweplant.com<\/a><br \/>\nMore information at: <a href=\"https:\/\/togetherweplant.com\/de\/einsaetze-mit-teams\/\">www.togetherweplant.com<\/a><\/td>\n<\/tr>\n<\/tbody>\n<\/table>\n\n\t\t<\/div>\n\t<\/div>\n<\/div><\/div><\/div><\/div><div class=\"vc_row element-row row schatten vc_custom_1560348929483 vc_row-has-fill highend_vc_custom_1560348929483\"><div class=\"wpb_column vc_column_container vc_col-sm-12\" id=\"royalrangers\"><div class=\"vc_column-inner\"><div class=\"wpb_wrapper\">\n\t<div  class=\"wpb_single_image wpb_content_element vc_align_center wpb_content_element\">\n\t\t\n\t\t<figure class=\"wpb_wrapper vc_figure\">\n\t\t\t<div class=\"vc_single_image-wrapper   vc_box_border_grey\"><img loading=\"lazy\" decoding=\"async\" width=\"1280\" height=\"350\" src=\"https:\/\/vm-international.de\/wp-content\/uploads\/2019\/06\/banner_vm_rr1.jpg\" class=\"vc_single_image-img attachment-full\" alt=\"\" title=\"banner_vm_rr1\" srcset=\"https:\/\/vm-international.de\/wp-content\/uploads\/2019\/06\/banner_vm_rr1.jpg 1280w, https:\/\/vm-international.de\/wp-content\/uploads\/2019\/06\/banner_vm_rr1-300x82.jpg 300w, https:\/\/vm-international.de\/wp-content\/uploads\/2019\/06\/banner_vm_rr1-768x210.jpg 768w, https:\/\/vm-international.de\/wp-content\/uploads\/2019\/06\/banner_vm_rr1-1024x280.jpg 1024w\" sizes=\"auto, (max-width: 1280px) 100vw, 1280px\" \/><\/div>\n\t\t<\/figure>\n\t<\/div>\n\n\t<div class=\"wpb_text_column wpb_content_element\" >\n\t\t<div class=\"wpb_wrapper\">\n\t\t\t<h1 style=\"text-align: center;\"><span style=\"color: #980b11;\">Royal Rangers Ride International<\/span><\/h1>\n<p style=\"text-align: center;\">Are you a Royal Ranger, at least 18 years old, and interested in experiencing mission work and Royal Ranger activities in another country? Then an international Ride is just the right opportunity. This option is designed for groups of 7\u201312 people.<\/p>\n<p style=\"text-align: center;\">The timing of each Ride must be arranged individually with the responsible VM staff member and <a href=\"https:\/\/royal-rangers.de\/kontakt\/bundesmitarbeiter\">then officially registered through the Royal Ranger headquarters in Germany.<\/a> offiziell anzumelden.<\/p>\n\n\t\t<\/div>\n\t<\/div>\n\n\t<div class=\"wpb_text_column wpb_content_element vc_custom_1730298656691\" >\n\t\t<div class=\"wpb_wrapper\">\n\t\t\t<table style=\"width: 100%; border-spacing: 0px; padding: 0; border: 0px solid #000;\">\n<tbody>\n<tr class=\"moeglichkeiten\" style=\"cursor: pointer;\">\n<td style=\"border: 0px solid #980b11; background-color: #980b11; color: #ffffff; padding: 20px; text-align: center;\" colspan=\"3\">Mehr Infos | Termine &amp; Kontakt<\/td>\n<\/tr>\n<tr style=\"display: none;\">\n<td style=\"width: 33%; padding: 20px; vertical-align: top;\"><img loading=\"lazy\" decoding=\"async\" class=\"aligncenter size-thumbnail wp-image-1232\" src=\"https:\/\/www.vm-int.de\/wp-content\/uploads\/2019\/06\/rr-150x150.png\" alt=\"\" width=\"150\" height=\"150\" srcset=\"\" sizes=\"auto, (max-width: 150px) 100vw, 150px\" data-srcset=\"\" \/><\/td>\n<td style=\"width: 33%; padding: 20px; vertical-align: top;\"><strong>Country:<br \/>\n<\/strong>Bulgaria<\/td>\n<td style=\"width: 33%; padding: 20px; vertical-align: top;\"><strong>Contact: \u00a0 \u00a0 \u00a0 \u00a0 \u00a0 \u00a0 \u00a0\u00a0<\/strong><br \/>\nVM staff member Horst Kappl<br \/>\nEmail: <a href=\"mailto:h.kappl@vm-international.de\">h.kappl@vm-international.de<br \/>\n<\/a><\/td>\n<\/tr>\n<tr style=\"display: none;\">\n<td style=\"width: 33%; padding: 20px; vertical-align: top;\"><\/td>\n<td style=\"width: 33%; padding: 20px; vertical-align: top;\"><strong>Country:<br \/>\n<\/strong>Portugal<\/td>\n<td style=\"width: 33%; padding: 20px; vertical-align: top;\"><strong>Contact: <\/strong><br \/>\nVM staff member Karsten Mantei<br \/>\nEmail: <a href=\"mailto:k.mantei@vm-international.de\">k.mantei@vm-international.de<\/a><\/td>\n<\/tr>\n<tr style=\"display: none;\">\n<td style=\"width: 33%; padding: 20px; vertical-align: top;\"><\/td>\n<td style=\"width: 33%; padding: 20px; vertical-align: top;\"><strong>Country:<br \/>\n<\/strong>Eswatini<\/td>\n<td style=\"width: 33%; padding: 20px; vertical-align: top;\"><strong>Contact: \u00a0 \u00a0 \u00a0 \u00a0 \u00a0 \u00a0 \u00a0\u00a0<\/strong><br \/>\nVM staff member Akki El-Kaakour<br \/>\nEmail: <a href=\"mailto:a.el-kaakour@vm-international.de\">a.el-kaakour@vm-international.de<\/a><\/td>\n<\/tr>\n<\/tbody>\n<\/table>\n\n\t\t<\/div>\n\t<\/div>\n<\/div><\/div><\/div><\/div>\n<\/div>","protected":false},"excerpt":{"rendered":"BE THE MESSAGE Sei dabei! Es gibt viele M\u00f6glichkeiten f\u00fcr junge Leute, Mission zu entdecken und pers\u00f6nlich mitzuerleben. Als VM-Alive [...]","protected":false},"author":1,"featured_media":22,"parent":0,"menu_order":0,"comment_status":"closed","ping_status":"closed","template":"","meta":{"footnotes":""},"class_list":["post-1060","page","type-page","status-publish","has-post-thumbnail","hentry"],"_links":{"self":[{"href":"https:\/\/vm-international.de\/en\/wp-json\/wp\/v2\/pages\/1060","targetHints":{"allow":["GET"]}}],"collection":[{"href":"https:\/\/vm-international.de\/en\/wp-json\/wp\/v2\/pages"}],"about":[{"href":"https:\/\/vm-international.de\/en\/wp-json\/wp\/v2\/types\/page"}],"author":[{"embeddable":true,"href":"https:\/\/vm-international.de\/en\/wp-json\/wp\/v2\/users\/1"}],"replies":[{"embeddable":true,"href":"https:\/\/vm-international.de\/en\/wp-json\/wp\/v2\/comments?post=1060"}],"version-history":[{"count":169,"href":"https:\/\/vm-international.de\/en\/wp-json\/wp\/v2\/pages\/1060\/revisions"}],"predecessor-version":[{"id":3531,"href":"https:\/\/vm-international.de\/en\/wp-json\/wp\/v2\/pages\/1060\/revisions\/3531"}],"wp:featuredmedia":[{"embeddable":true,"href":"https:\/\/vm-international.de\/en\/wp-json\/wp\/v2\/media\/22"}],"wp:attachment":[{"href":"https:\/\/vm-international.de\/en\/wp-json\/wp\/v2\/media?parent=1060"}],"curies":[{"name":"wp","href":"https:\/\/api.w.org\/{rel}","templated":true}]}}